{"id":156,"date":"2016-08-03T21:00:05","date_gmt":"2016-08-03T20:00:05","guid":{"rendered":"http:\/\/vernoux.info\/vivre-en-ardeche\/?page_id=156"},"modified":"2016-08-24T07:26:23","modified_gmt":"2016-08-24T06:26:23","slug":"revue-de-presse","status":"publish","type":"page","link":"http:\/\/vernoux.info\/vivre-en-ardeche\/revue-de-presse\/","title":{"rendered":"Revue de presse"},"content":{"rendered":"<div id=\"pl-156\"  class=\"panel-layout\" ><div id=\"pg-156-0\"  class=\"panel-grid panel-no-style\" ><div id=\"pgc-156-0-0\"  class=\"panel-grid-cell\" ><div id=\"panel-156-0-0-0\" class=\"so-panel widget widget_sow-image panel-first-child\" data-index=\"0\" ><div class=\"so-widget-sow-image so-widget-sow-image-default-d6014b76747a\">\n\n<div class=\"sow-image-container\">\n\t<img loading=\"lazy\" decoding=\"async\" src=\"http:\/\/vernoux.info\/vivre-en-ardeche\/wp-content\/uploads\/2016\/08\/revue.jpg\" width=\"278\" height=\"182\" sizes=\"auto, (max-width: 278px) 100vw, 278px\" alt=\"\" \t\tclass=\"so-widget-image\"\/>\n<\/div>\n\n<\/div><\/div><div id=\"panel-156-0-0-1\" class=\"so-panel widget widget_nav_menu panel-last-child\" data-index=\"1\" ><div class=\"menu-revue2presse-container\"><ul id=\"menu-revue2presse\" class=\"menu\"><li id=\"menu-item-202\" class=\"menu-item menu-item-type-custom menu-item-object-custom menu-item-202\"><a href=\"https:\/\/www.google.com\/search?hl=fr&#038;gl=fr&#038;tbm=nws&#038;authuser=0&#038;q=ard%C3%A8che&#038;oq=ard%C3%A8che&#038;gs_l=news-cc.3..43j43i53.243319.244505.0.244766.7.4.0.3.3.0.75.252.4.4.0...0.0...1ac.1.bntu3-0kTf4\">L&rsquo;Ard\u00e8che &#8211; Google News<\/a><\/li>\n<li id=\"menu-item-207\" class=\"menu-item menu-item-type-custom menu-item-object-custom menu-item-207\"><a href=\"http:\/\/www.ledauphine.com\/ardeche\">Le dauphin\u00e9<\/a><\/li>\n<li id=\"menu-item-208\" class=\"menu-item menu-item-type-custom menu-item-object-custom menu-item-208\"><a href=\"http:\/\/france3-regions.francetvinfo.fr\/rhone-alpes\/ardeche\">France3<\/a><\/li>\n<li id=\"menu-item-340\" class=\"menu-item menu-item-type-custom menu-item-object-custom menu-item-340\"><a href=\"http:\/\/www.lemonde.fr\/\">Le monde<\/a><\/li>\n<li id=\"menu-item-341\" class=\"menu-item menu-item-type-custom menu-item-object-custom menu-item-341\"><a href=\"http:\/\/www.lesechos.fr\/\">Les Echos<\/a><\/li>\n<li id=\"menu-item-342\" class=\"menu-item menu-item-type-custom menu-item-object-custom menu-item-342\"><a href=\"http:\/\/www.01net.com\/\">01net<\/a><\/li>\n<li id=\"menu-item-343\" class=\"menu-item menu-item-type-custom menu-item-object-custom menu-item-343\"><a href=\"http:\/\/www.lequipe.fr\/\">L&rsquo;Equipe<\/a><\/li>\n<\/ul><\/div><\/div><\/div><div id=\"pgc-156-0-1\"  class=\"panel-grid-cell\" ><div id=\"panel-156-0-1-0\" class=\"so-panel widget widget_super_rss_reader panel-first-child panel-last-child\" data-index=\"2\" >\n\r\n        <!-- Start - Super RSS Reader v3.2-->\r\n        <div class=\"super-rss-reader-widget\">\n<ul class=\"srr-tab-wrap srr-tab-style-grey srr-clearfix\"><li data-tab=\"srr-tab-717\">Le Dauphin\u00e9<\/li><li data-tab=\"srr-tab-626\">France3<\/li><li data-tab=\"srr-tab-819\">Error<\/li><li data-tab=\"srr-tab-176\">Le Monde<\/li><li data-tab=\"srr-tab-455\">Error<\/li><li data-tab=\"srr-tab-211\"> 01Net<\/li><li data-tab=\"srr-tab-621\">Error<\/li><\/ul><div class=\"srr-wrap srr-style-grey srr-vticker\" data-visible=\"20\" data-speed=\"180000\" data-id=\"srr-tab-717\"><div><div class=\"srr-item odd srr-clearfix\"><div class=\"srr-title\"><a href=\"https:\/\/www.ledauphine.com\/politique\/2026\/09\/01\/rene-ollier-ancienne-figure-du-syndicalisme-et-patriote-de-gauche-rejoint-le-rn\" target=\"_blank\" rel=\"nofollow\" title=\"Ard\u00e8che. Ren\u00e9 Ollier, ancienne figure du syndicalisme et \u00ab patriote de gauche\u00a0\u00bb, rejoint le RN\">Ard\u00e8che. Ren\u00e9 Ollier, ancienne figure du syndicalisme et \u00ab patriote de gauche\u00a0\u00bb, rejoint le RN<\/a><\/div><div class=\"srr-meta\"><\/div><div class=\"srr-summary srr-clearfix\"><p>C\u2019est un ralliement \u00ab\u00a0important\u00a0\u00bb pour le Rassemblement national de l\u2019Ard\u00e8che. Ren\u00e9 Ollier, bien connu dans le monde du syndicalisme, vient de prendre sa carte au sein du parti mariniste. <a href=\"https:\/\/www.ledauphine.com\/politique\/2026\/09\/01\/rene-ollier-ancienne-figure-du-syndicalisme-et-patriote-de-gauche-rejoint-le-rn\" title=\"Read more\" target=\"_blank\" rel=\"nofollow\">[...]<\/a><\/p><\/div><\/div><div class=\"srr-item even srr-clearfix\"><div class=\"srr-title\"><a href=\"https:\/\/www.ledauphine.com\/faits-divers-justice\/2026\/09\/01\/une-voiture-part-en-tonneau-une-femme-hospitalisee\" target=\"_blank\" rel=\"nofollow\" title=\"Ard\u00e8che. Une voiture part en tonneau\u00a0: une femme hospitalis\u00e9e\">Ard\u00e8che. Une voiture part en tonneau\u00a0: une femme hospitalis\u00e9e<\/a><\/div><div class=\"srr-meta\"><\/div><div class=\"srr-summary srr-clearfix\"><p>Un accident de la circulation s\u2019est produit lundi 31\u00a0ao\u00fbt vers 18\u00a0h\u00a015 sur la route de Roissac, qui relie Saint-Julien-le-Roux vers la RD 21. <a href=\"https:\/\/www.ledauphine.com\/faits-divers-justice\/2026\/09\/01\/une-voiture-part-en-tonneau-une-femme-hospitalisee\" title=\"Read more\" target=\"_blank\" rel=\"nofollow\">[...]<\/a><\/p><\/div><\/div><div class=\"srr-item odd srr-clearfix\"><div class=\"srr-title\"><a href=\"https:\/\/www.ledauphine.com\/faits-divers-justice\/2026\/09\/01\/a-la-voulte-sur-rhone-le-couvre-feu-pour-les-mineurs-n-est-pas-prolonge-pour-l-instant\" target=\"_blank\" rel=\"nofollow\" title=\"Ard\u00e8che. \u00c0 La Voulte-sur-Rh\u00f4ne, le couvre-feu pour les mineurs n\u2019est pas prolong\u00e9\u2026 pour l\u2019instant\">Ard\u00e8che. \u00c0 La Voulte-sur-Rh\u00f4ne, le couvre-feu pour les mineurs n\u2019est pas prolong\u00e9\u2026 pour l\u2019instant<\/a><\/div><div class=\"srr-meta\"><\/div><div class=\"srr-summary srr-clearfix\"><p>Durant le mois d&#039;ao\u00fbt, la municipalit\u00e9 avait instaur\u00e9 un couvre-feu entre 22 heures et 6 heures pour les jeunes de moins de 18 ans. <a href=\"https:\/\/www.ledauphine.com\/faits-divers-justice\/2026\/09\/01\/a-la-voulte-sur-rhone-le-couvre-feu-pour-les-mineurs-n-est-pas-prolonge-pour-l-instant\" title=\"Read more\" target=\"_blank\" rel=\"nofollow\">[...]<\/a><\/p><\/div><\/div><div class=\"srr-item even srr-clearfix\"><div class=\"srr-title\"><a href=\"https:\/\/www.ledauphine.com\/insolite\/2026\/09\/01\/un-royaume-du-lego-va-bientot-ouvrir-en-ardeche\" target=\"_blank\" rel=\"nofollow\" title=\"Ard\u00e8che. Cet ex-membre de la L\u00e9gion \u00e9trang\u00e8re et de la gendarmerie ouvre un royaume du Lego\u00a0: \u00ab\u00a0J&#039;en ai fait pour \u00e9viter les troubles post-traumatiques\u00a0\u00bb\">Ard\u00e8che. Cet ex-membre de la L\u00e9gion \u00e9trang\u00e8re et de la gendarmerie ouvre un royaume du Lego\u00a0: \u00ab\u00a0J&#039;en ai fait pour \u00e9viter les troubles post-traumatiques\u00a0\u00bb<\/a><\/div><div class=\"srr-meta\"><\/div><div class=\"srr-summary srr-clearfix\"><p>La boutique Brick Adventure ouvrira officiellement ses portes le 15\u00a0septembre \u00e0 Privas. \u00c0 sa t\u00eate, Emmanuel De Decker Lefebvre, un Belge pass\u00e9 par la L\u00e9gion \u00e9trang\u00e8re et la gendarmerie, qui construit sa nouvelle vie professionnelle avec de petites briques color\u00e9es. <a href=\"https:\/\/www.ledauphine.com\/insolite\/2026\/09\/01\/un-royaume-du-lego-va-bientot-ouvrir-en-ardeche\" title=\"Read more\" target=\"_blank\" rel=\"nofollow\">[...]<\/a><\/p><\/div><\/div><div class=\"srr-item odd srr-clearfix\"><div class=\"srr-title\"><a href=\"https:\/\/www.ledauphine.com\/politique\/2026\/09\/01\/la-ville-veut-deployer-12-nouvelles-cameras-de-videoprotection\" target=\"_blank\" rel=\"nofollow\" title=\"La Voulte-sur-Rh\u00f4ne. La Ville veut d\u00e9ployer 12\u00a0nouvelles cam\u00e9ras de vid\u00e9oprotection\">La Voulte-sur-Rh\u00f4ne. La Ville veut d\u00e9ployer 12\u00a0nouvelles cam\u00e9ras de vid\u00e9oprotection<\/a><\/div><div class=\"srr-meta\"><\/div><div class=\"srr-summary srr-clearfix\"><p>Le lundi 31\u00a0ao\u00fbt, la s\u00e9curit\u00e9 a \u00e9t\u00e9 au c\u0153ur des d\u00e9bats du conseil municipal de La\u00a0Voulte-sur-Rh\u00f4ne. Outre la question du couvre-feu pour les mineurs, non prolong\u00e9 par la municipalit\u00e9, le sujet de la vid\u00e9oprotection a \u00e9t\u00e9 \u00e9voqu\u00e9. <a href=\"https:\/\/www.ledauphine.com\/politique\/2026\/09\/01\/la-ville-veut-deployer-12-nouvelles-cameras-de-videoprotection\" title=\"Read more\" target=\"_blank\" rel=\"nofollow\">[...]<\/a><\/p><\/div><\/div><div class=\"srr-item even srr-clearfix\"><div class=\"srr-title\"><a href=\"https:\/\/www.ledauphine.com\/culture-loisirs\/2026\/09\/01\/pour-du-vrai-contact-et-de-gros-impacts-le-club-de-roller-derby-d-aubenas-recrute\" target=\"_blank\" rel=\"nofollow\" title=\"Aubenas. Pour \u00ab\u00a0du vrai contact et de gros impacts\u00a0\u00bb, le club de roller derby d\u2019Aubenas recrute\">Aubenas. Pour \u00ab\u00a0du vrai contact et de gros impacts\u00a0\u00bb, le club de roller derby d\u2019Aubenas recrute<\/a><\/div><div class=\"srr-meta\"><\/div><div class=\"srr-summary srr-clearfix\"><p>La rentr\u00e9e approchant, les clubs de sport recrutent de nouveaux adh\u00e9rents. Le club de roller derby d\u2019Aubenas r\u00e9alisait une d\u00e9monstration samedi 22\u00a0ao\u00fbt, sur le parking du bar My Beers. Entre strat\u00e9gie et chocs pour gagner, les Criminal nurses roller derby Aubenas proposent surtout de la bienveillance. <a href=\"https:\/\/www.ledauphine.com\/culture-loisirs\/2026\/09\/01\/pour-du-vrai-contact-et-de-gros-impacts-le-club-de-roller-derby-d-aubenas-recrute\" title=\"Read more\" target=\"_blank\" rel=\"nofollow\">[...]<\/a><\/p><\/div><\/div><div class=\"srr-item odd srr-clearfix\"><div class=\"srr-title\"><a href=\"https:\/\/www.ledauphine.com\/economie\/2026\/09\/01\/malgre-la-secheresse-et-les-canicules-la-saison-de-la-chataigne-s-annonce-plutot-bonne\" target=\"_blank\" rel=\"nofollow\" title=\"Ard\u00e8che. Malgr\u00e9 la s\u00e9cheresse et les canicules, la saison de la ch\u00e2taigne s\u2019annonce plut\u00f4t bonne\">Ard\u00e8che. Malgr\u00e9 la s\u00e9cheresse et les canicules, la saison de la ch\u00e2taigne s\u2019annonce plut\u00f4t bonne<\/a><\/div><div class=\"srr-meta\"><\/div><div class=\"srr-summary srr-clearfix\"><p>Cette ann\u00e9e, toutes les fili\u00e8res agricoles souffrent des \u00e9pisodes de canicule \u00e0 r\u00e9p\u00e9tition et de la s\u00e9cheresse. Mais qu\u2019en est-il du fruit star de l\u2019Ard\u00e8che, la ch\u00e2taigne\u00a0? \u00c0 un mois de la r\u00e9colte, la saison s\u2019annonce relativement bonne, m\u00eame si elle d\u00e9pendra grandement de la m\u00e9t\u00e9o des quatre prochaines semaines. <a href=\"https:\/\/www.ledauphine.com\/economie\/2026\/09\/01\/malgre-la-secheresse-et-les-canicules-la-saison-de-la-chataigne-s-annonce-plutot-bonne\" title=\"Read more\" target=\"_blank\" rel=\"nofollow\">[...]<\/a><\/p><\/div><\/div><div class=\"srr-item even srr-clearfix\"><div class=\"srr-title\"><a href=\"https:\/\/www.ledauphine.com\/education\/2026\/09\/01\/le-prefet-et-le-directeur-des-services-academiques-font-leur-rentree\" target=\"_blank\" rel=\"nofollow\" title=\"Rompon. Le pr\u00e9fet et le directeur acad\u00e9mique font leur rentr\u00e9e avec\u00a0les petits Romponais\">Rompon. Le pr\u00e9fet et le directeur acad\u00e9mique font leur rentr\u00e9e avec\u00a0les petits Romponais<\/a><\/div><div class=\"srr-meta\"><\/div><div class=\"srr-summary srr-clearfix\"><p>Premier jour de rentr\u00e9e mardi 1er \u00a0septembre pour les petits Romponais qui ont eu le plaisir de la pr\u00e9sence dans leur \u00e9cole du pr\u00e9fet de l&#039;Ard\u00e8che, Beno\u00eet Tr\u00e9visani, et du Directeur acad\u00e9mique des services de l&#039;\u00c9ducation nationale (Dasen), Thierry Aumage, qui ont choisi leur \u00e9cole pour leur premi\u00e8re visite scolaire. <a href=\"https:\/\/www.ledauphine.com\/education\/2026\/09\/01\/le-prefet-et-le-directeur-des-services-academiques-font-leur-rentree\" title=\"Read more\" target=\"_blank\" rel=\"nofollow\">[...]<\/a><\/p><\/div><\/div><div class=\"srr-item odd srr-clearfix\"><div class=\"srr-title\"><a href=\"https:\/\/www.ledauphine.com\/faits-divers-justice\/2026\/08\/31\/tetra-medical-une-victoire-de-plus-pour-les-anciens-salaries-de-l-entreprise-annoneenne\" target=\"_blank\" rel=\"nofollow\" title=\"Ard\u00e8che. Tetra m\u00e9dical\u00a0: une victoire de plus pour les anciens salari\u00e9s de l&#039;entreprise annon\u00e9enne\">Ard\u00e8che. Tetra m\u00e9dical\u00a0: une victoire de plus pour les anciens salari\u00e9s de l&#039;entreprise annon\u00e9enne<\/a><\/div><div class=\"srr-meta\"><\/div><div class=\"srr-summary srr-clearfix\"><p>Apr\u00e8s la reconnaissance du pr\u00e9judice d\u2019anxi\u00e9t\u00e9 devant les Prud\u2019hommes pour 152 d\u2019entre eux, cinq ex-salari\u00e9es de Tetra m\u00e9dical ont gagn\u00e9 une nouvelle bataille judiciaire. Leur pathologie est reconnue comme maladie professionnelle. <a href=\"https:\/\/www.ledauphine.com\/faits-divers-justice\/2026\/08\/31\/tetra-medical-une-victoire-de-plus-pour-les-anciens-salaries-de-l-entreprise-annoneenne\" title=\"Read more\" target=\"_blank\" rel=\"nofollow\">[...]<\/a><\/p><\/div><\/div><div class=\"srr-item even srr-clearfix\"><div class=\"srr-title\"><a href=\"https:\/\/www.ledauphine.com\/politique\/2026\/08\/31\/mieux-comprendre-les-problematiques-locales-une-convention-pour-renforcer-les-liens-entre-les-gendarmes-et-les-maires\" target=\"_blank\" rel=\"nofollow\" title=\"Ard\u00e8che. \u00ab\u00a0Mieux comprendre les probl\u00e9matiques locales\u00a0\u00bb\u00a0: une convention pour renforcer les liens entre les gendarmes et les maires\">Ard\u00e8che. \u00ab\u00a0Mieux comprendre les probl\u00e9matiques locales\u00a0\u00bb\u00a0: une convention pour renforcer les liens entre les gendarmes et les maires<\/a><\/div><div class=\"srr-meta\"><\/div><div class=\"srr-summary srr-clearfix\"><p>\u00ab\u00a0La s\u00e9curit\u00e9 des communes repose aussi sur la qualit\u00e9 du dialogue entre les \u00e9lus et les forces de l\u2019ordre\u00a0\u00bb. <a href=\"https:\/\/www.ledauphine.com\/politique\/2026\/08\/31\/mieux-comprendre-les-problematiques-locales-une-convention-pour-renforcer-les-liens-entre-les-gendarmes-et-les-maires\" title=\"Read more\" target=\"_blank\" rel=\"nofollow\">[...]<\/a><\/p><\/div><\/div><div class=\"srr-item odd srr-clearfix\"><div class=\"srr-title\"><a href=\"https:\/\/www.ledauphine.com\/environnement\/2026\/09\/01\/difficile-de-voir-ma-riviere-s-assecher-medaillee-olympique-angele-hug-alerte-sur-la-sante-des-cours-d-eau\" target=\"_blank\" rel=\"nofollow\" title=\"Ard\u00e8che. \u00ab\u00a0Difficile de voir ma rivi\u00e8re s\u2019ass\u00e9cher\u00a0\u00bb\u00a0: m\u00e9daill\u00e9e olympique, Ang\u00e8le Hug alerte sur la sant\u00e9 des cours d\u2019eau\">Ard\u00e8che. \u00ab\u00a0Difficile de voir ma rivi\u00e8re s\u2019ass\u00e9cher\u00a0\u00bb\u00a0: m\u00e9daill\u00e9e olympique, Ang\u00e8le Hug alerte sur la sant\u00e9 des cours d\u2019eau<\/a><\/div><div class=\"srr-meta\"><\/div><div class=\"srr-summary srr-clearfix\"><p>\u00ab\u00a0Partout o\u00f9 je vais, chaque ann\u00e9e, [le niveau de l\u2019eau] est de plus en plus bas.\u00a0 <a href=\"https:\/\/www.ledauphine.com\/environnement\/2026\/09\/01\/difficile-de-voir-ma-riviere-s-assecher-medaillee-olympique-angele-hug-alerte-sur-la-sante-des-cours-d-eau\" title=\"Read more\" target=\"_blank\" rel=\"nofollow\">[...]<\/a><\/p><\/div><\/div><div class=\"srr-item even srr-clearfix\"><div class=\"srr-title\"><a href=\"https:\/\/www.ledauphine.com\/education\/2026\/09\/01\/rentree-scolaire-2026-dans-la-drome-et-en-ardeche-revivez-les-premiers-pas-des-eleves-dans-leur-etablissement\" target=\"_blank\" rel=\"nofollow\" title=\"En images. Rentr\u00e9e scolaire 2026 dans la Dr\u00f4me et en Ard\u00e8che : revivez les premiers pas des \u00e9l\u00e8ves dans leur \u00e9tablissement\">En images. Rentr\u00e9e scolaire 2026 dans la Dr\u00f4me et en Ard\u00e8che : revivez les premiers pas des \u00e9l\u00e8ves dans leur \u00e9tablissement<\/a><\/div><div class=\"srr-meta\"><\/div><div class=\"srr-summary srr-clearfix\"><p>La sonnerie de la rentr\u00e9e a retenti dans les \u00e9tablissements scolaires, ce mardi 1er septembre.\u00a0Les \u00e9l\u00e8ves ont (re)pris le chemin de l&#039;\u00e9cole, du coll\u00e8ge ou du lyc\u00e9e avec enthousiasme ou dans la douleur en ce d\u00e9but d&#039;ann\u00e9e scolaire. <a href=\"https:\/\/www.ledauphine.com\/education\/2026\/09\/01\/rentree-scolaire-2026-dans-la-drome-et-en-ardeche-revivez-les-premiers-pas-des-eleves-dans-leur-etablissement\" title=\"Read more\" target=\"_blank\" rel=\"nofollow\">[...]<\/a><\/p><\/div><\/div><div class=\"srr-item odd srr-clearfix\"><div class=\"srr-title\"><a href=\"https:\/\/www.ledauphine.com\/societe\/2026\/09\/01\/cap-nordique-2030-une-feuille-de-route-pour-assurer-la-transition-du-ski-de-fond\" target=\"_blank\" rel=\"nofollow\" title=\"Montagne. Cap nordique 2030 : une feuille de route pour assurer la transition du ski de fond\">Montagne. Cap nordique 2030 : une feuille de route pour assurer la transition du ski de fond<\/a><\/div><div class=\"srr-meta\"><\/div><div class=\"srr-summary srr-clearfix\"><p>Apr\u00e8s six mois de travail, Nordic France a sorti une feuille de route \u00ab\u00a0collective\u00a0\u00bb et intitul\u00e9e tout simplement \u201cCap nordique 2030\u201d. <a href=\"https:\/\/www.ledauphine.com\/societe\/2026\/09\/01\/cap-nordique-2030-une-feuille-de-route-pour-assurer-la-transition-du-ski-de-fond\" title=\"Read more\" target=\"_blank\" rel=\"nofollow\">[...]<\/a><\/p><\/div><\/div><div class=\"srr-item even srr-clearfix\"><div class=\"srr-title\"><a href=\"https:\/\/www.ledauphine.com\/sport\/2026\/09\/01\/apres-dix-ans-a-annonay-chapuis-veut-se-bonifier-a-ampuis\" target=\"_blank\" rel=\"nofollow\" title=\"Rugby - F\u00e9d\u00e9rale 3. Apr\u00e8s dix ans \u00e0 Annonay, Thibault Chapuis veut se bonifier \u00e0 Ampuis\">Rugby - F\u00e9d\u00e9rale 3. Apr\u00e8s dix ans \u00e0 Annonay, Thibault Chapuis veut se bonifier \u00e0 Ampuis<\/a><\/div><div class=\"srr-meta\"><\/div><div class=\"srr-summary srr-clearfix\"><p>Zoom sur l\u2019une des recrues de l\u2019AS Ampuis C\u00f4te R\u00f4tie Thibault Chapuis (31 ans) recrut\u00e9 au CS Annonay et qui am\u00e8nera toute son exp\u00e9rience \u00e0 un club lanc\u00e9 sur une nouvelle dynamique. <a href=\"https:\/\/www.ledauphine.com\/sport\/2026\/09\/01\/apres-dix-ans-a-annonay-chapuis-veut-se-bonifier-a-ampuis\" title=\"Read more\" target=\"_blank\" rel=\"nofollow\">[...]<\/a><\/p><\/div><\/div><div class=\"srr-item odd srr-clearfix\"><div class=\"srr-title\"><a href=\"https:\/\/www.ledauphine.com\/economie\/2026\/08\/25\/hrs-accelere-le-plein-des-poids-lourds-basilic-co-a-ouvert-a-chambery-l-actu-en-bref\" target=\"_blank\" rel=\"nofollow\" title=\"Entreprises. Alpina veut acc\u00e9l\u00e9rer sur les crozets, BV Sport investit 1,5\u00a0M\u20ac \u00e0 Saint-\u00c9tienne... : l&#039;actu en bref\">Entreprises. Alpina veut acc\u00e9l\u00e9rer sur les crozets, BV Sport investit 1,5\u00a0M\u20ac \u00e0 Saint-\u00c9tienne... : l&#039;actu en bref<\/a><\/div><div class=\"srr-meta\"><\/div><div class=\"srr-summary srr-clearfix\"><p>Savoie\u00a0: les crozets d&#039;Alpina en progressionLe fabricant savoyard Alpina veut renforcer la pr\u00e9sence de ses crozets dans les grandes et moyennes surfaces partout en France. <a href=\"https:\/\/www.ledauphine.com\/economie\/2026\/08\/25\/hrs-accelere-le-plein-des-poids-lourds-basilic-co-a-ouvert-a-chambery-l-actu-en-bref\" title=\"Read more\" target=\"_blank\" rel=\"nofollow\">[...]<\/a><\/p><\/div><\/div><div class=\"srr-item even srr-clearfix\"><div class=\"srr-title\"><a href=\"https:\/\/www.ledauphine.com\/societe\/2026\/06\/11\/ne-manquez-rien-de-l-actualite-comment-ajouter-le-dauphine-libere-a-vos-favoris-sur-google\" target=\"_blank\" rel=\"nofollow\" title=\"M\u00e9dias. Comment ajouter Le Dauphin\u00e9 Lib\u00e9r\u00e9 \u00e0 vos favoris sur Google pour ne rien manquer de l&#039;actualit\u00e9\">M\u00e9dias. Comment ajouter Le Dauphin\u00e9 Lib\u00e9r\u00e9 \u00e0 vos favoris sur Google pour ne rien manquer de l&#039;actualit\u00e9<\/a><\/div><div class=\"srr-meta\"><\/div><div class=\"srr-summary srr-clearfix\"><p>En un clic, vous pouvez indiquer \u00e0 Google que\u00a0Le Dauphin\u00e9 Lib\u00e9r\u00e9\u00a0fait partie de vos sources pr\u00e9f\u00e9r\u00e9es et que vous souhaitez voir plus souvent des articles de notre site parmi les r\u00e9sultats d\u2019actualit\u00e9. On vous explique. <a href=\"https:\/\/www.ledauphine.com\/societe\/2026\/06\/11\/ne-manquez-rien-de-l-actualite-comment-ajouter-le-dauphine-libere-a-vos-favoris-sur-google\" title=\"Read more\" target=\"_blank\" rel=\"nofollow\">[...]<\/a><\/p><\/div><\/div><div class=\"srr-item odd srr-clearfix\"><div class=\"srr-title\"><a href=\"https:\/\/www.ledauphine.com\/societe\/2026\/09\/01\/la-loi-montagne-saison-3-a-ete-promulguee-au-journal-officiel\" target=\"_blank\" rel=\"nofollow\" title=\"Parlement. La loi Montagne, saison 3, a \u00e9t\u00e9 promulgu\u00e9e au Journal officiel\">Parlement. La loi Montagne, saison 3, a \u00e9t\u00e9 promulgu\u00e9e au Journal officiel<\/a><\/div><div class=\"srr-meta\"><\/div><div class=\"srr-summary srr-clearfix\"><p>La loi Montagne III a \u00e9t\u00e9 promulgu\u00e9e au Journal officiel le 18\u00a0ao\u00fbt. <a href=\"https:\/\/www.ledauphine.com\/societe\/2026\/09\/01\/la-loi-montagne-saison-3-a-ete-promulguee-au-journal-officiel\" title=\"Read more\" target=\"_blank\" rel=\"nofollow\">[...]<\/a><\/p><\/div><\/div><div class=\"srr-item even srr-clearfix\"><div class=\"srr-title\"><a href=\"https:\/\/www.ledauphine.com\/education\/2026\/08\/31\/repenser-l-ecole-l-academie-veut-plancher-sur-l-avenir-de-l-education-fmwm\" target=\"_blank\" rel=\"nofollow\" title=\"Savoie. \u00ab\u00a0Repenser l\u2019\u00e9cole\u00a0\u00bb\u00a0: l\u2019acad\u00e9mie veut plancher sur l\u2019avenir de l\u2019\u00e9ducation\">Savoie. \u00ab\u00a0Repenser l\u2019\u00e9cole\u00a0\u00bb\u00a0: l\u2019acad\u00e9mie veut plancher sur l\u2019avenir de l\u2019\u00e9ducation<\/a><\/div><div class=\"srr-meta\"><\/div><div class=\"srr-summary srr-clearfix\"><p>Pour la journ\u00e9e de pr\u00e9rentr\u00e9e, le recteur de l\u2019acad\u00e9mie de Grenoble, Philippe Dulbecco, a pr\u00e9sent\u00e9 les nouveaut\u00e9s de cette nouvelle ann\u00e9e scolaire, qui doit permettre de repenser le mod\u00e8le futur de l\u2019\u00c9ducation nationale, en lien avec la baisse d\u00e9mographique. <a href=\"https:\/\/www.ledauphine.com\/education\/2026\/08\/31\/repenser-l-ecole-l-academie-veut-plancher-sur-l-avenir-de-l-education-fmwm\" title=\"Read more\" target=\"_blank\" rel=\"nofollow\">[...]<\/a><\/p><\/div><\/div><div class=\"srr-item odd srr-clearfix\"><div class=\"srr-title\"><a href=\"https:\/\/www.ledauphine.com\/societe\/2026\/08\/31\/les-handballeurs-de-chambery-remportent-un-tournoi-entre-jeunes-talents\" target=\"_blank\" rel=\"nofollow\" title=\"Aubenas. Les handballeurs de Chamb\u00e9ry remportent un tournoi entre jeunes talents\">Aubenas. Les handballeurs de Chamb\u00e9ry remportent un tournoi entre jeunes talents<\/a><\/div><div class=\"srr-meta\"><\/div><div class=\"srr-summary srr-clearfix\"><p>Ce samedi 29\u00a0ao\u00fbt, le tournoi U17 entre cinq \u00e9quipes de handball organis\u00e9 \u00e0 Aubenas par le club de l\u2019Entente Ard\u00e8che m\u00e9ridionale handball (EAMHB) a vu Chamb\u00e9ry remporter la comp\u00e9tition. L\u2019\u00e9v\u00e9nement a \u00e9t\u00e9 une r\u00e9ussite pour le club local, qui envisage d\u00e9j\u00e0 une quatri\u00e8me \u00e9dition l\u2019ann\u00e9e prochaine. <a href=\"https:\/\/www.ledauphine.com\/societe\/2026\/08\/31\/les-handballeurs-de-chambery-remportent-un-tournoi-entre-jeunes-talents\" title=\"Read more\" target=\"_blank\" rel=\"nofollow\">[...]<\/a><\/p><\/div><\/div><div class=\"srr-item even srr-clearfix\"><div class=\"srr-title\"><a href=\"https:\/\/www.ledauphine.com\/education\/2026\/08\/31\/repenser-l-ecole-l-academie-de-grenoble-veut-plancher-sur-l-avenir-de-l-education\" target=\"_blank\" rel=\"nofollow\" title=\"Ard\u00e8che. \u00ab\u00a0Repenser l\u2019\u00e9cole\u00a0\u00bb\u00a0: l\u2019acad\u00e9mie de Grenoble veut plancher sur l\u2019avenir de l\u2019\u00e9ducation\">Ard\u00e8che. \u00ab\u00a0Repenser l\u2019\u00e9cole\u00a0\u00bb\u00a0: l\u2019acad\u00e9mie de Grenoble veut plancher sur l\u2019avenir de l\u2019\u00e9ducation<\/a><\/div><div class=\"srr-meta\"><\/div><div class=\"srr-summary srr-clearfix\"><p>Pour la journ\u00e9e de pr\u00e9rentr\u00e9e, le recteur de l\u2019acad\u00e9mie de Grenoble, Philippe Dulbecco \u00e9tait en d\u00e9placement dans une \u00e9cole du Sud-Ard\u00e8che, lundi 31\u00a0ao\u00fbt. Le haut fonctionnaire a pr\u00e9sent\u00e9 les nouveaut\u00e9s de cette ann\u00e9e scolaire, qui doit permettre de repenser le mod\u00e8le futur de l\u2019\u00c9ducation nationale, en lien avec la baisse d\u00e9mographique. <a href=\"https:\/\/www.ledauphine.com\/education\/2026\/08\/31\/repenser-l-ecole-l-academie-de-grenoble-veut-plancher-sur-l-avenir-de-l-education\" title=\"Read more\" target=\"_blank\" rel=\"nofollow\">[...]<\/a><\/p><\/div><\/div><\/div><\/div><div class=\"srr-wrap srr-style-grey srr-vticker\" data-visible=\"20\" data-speed=\"180000\" data-id=\"srr-tab-626\"><div><div class=\"srr-item odd srr-clearfix\"><div class=\"srr-title\"><a href=\"https:\/\/france3-regions.franceinfo.fr\/auvergne-rhone-alpes\/savoie\/albertville\/c-est-tout-un-systeme-qui-peut-s-ecrouler-un-detenu-d-une-prison-juge-pour-corruption-sur-des-surveillants-3409580.html\" target=\"_blank\" rel=\"nofollow\" title=\"&quot;C&#039;est tout un syst\u00e8me qui peut s&#039;\u00e9crouler&quot; : un d\u00e9tenu d\u2019une prison jug\u00e9 pour corruption sur des surveillants\">&quot;C&#039;est tout un syst\u00e8me qui peut s&#039;\u00e9crouler&quot; : un d\u00e9tenu d\u2019une prison jug\u00e9 pour corruption sur des surveillants<\/a><\/div><div class=\"srr-meta\"><\/div><div class=\"srr-summary srr-clearfix\"><p>Trois agents p\u00e9nitentiaires, une fonctionnaire de police judiciaire ainsi qu&#039;un d\u00e9tenu sont jug\u00e9s, depuis ce mardi 1er septembre devant le tribunal correctionnel d&#039;Albertville, dans le cadre d&#039;une affaire de corruption \u00e0 l&#039;int\u00e9rieur des murs de la prison d&#039;Aiton en Savoie. <a href=\"https:\/\/france3-regions.franceinfo.fr\/auvergne-rhone-alpes\/savoie\/albertville\/c-est-tout-un-systeme-qui-peut-s-ecrouler-un-detenu-d-une-prison-juge-pour-corruption-sur-des-surveillants-3409580.html\" title=\"Read more\" target=\"_blank\" rel=\"nofollow\">[...]<\/a><\/p><\/div><\/div><div class=\"srr-item even srr-clearfix\"><div class=\"srr-title\"><a href=\"https:\/\/france3-regions.franceinfo.fr\/auvergne-rhone-alpes\/ain\/disparition-inquietante-une-adolescente-de-15-ans-recherchee-dans-l-ain-merci-de-partager-tres-largement-3409925.html\" target=\"_blank\" rel=\"nofollow\" title=\"Disparition inqui\u00e9tante. Une adolescente de 15 ans recherch\u00e9e dans l\u2019Ain : &quot;merci de partager tr\u00e8s largement&quot;\">Disparition inqui\u00e9tante. Une adolescente de 15 ans recherch\u00e9e dans l\u2019Ain : &quot;merci de partager tr\u00e8s largement&quot;<\/a><\/div><div class=\"srr-meta\"><\/div><div class=\"srr-summary srr-clearfix\"><p>La police nationale de l\u2019Ain recherche Cassandra M\u00e9rigot-Morel, 15 ans, port\u00e9e disparue depuis le 30 ao\u00fbt. Sa famille affirme l\u2019avoir localis\u00e9e \u00e0 Toulon apr\u00e8s un trajet en train. Depuis, les t\u00e9l\u00e9phones sont coup\u00e9s et aucun proche n\u2019a de nouvelles de l\u2019adolescente. <a href=\"https:\/\/france3-regions.franceinfo.fr\/auvergne-rhone-alpes\/ain\/disparition-inquietante-une-adolescente-de-15-ans-recherchee-dans-l-ain-merci-de-partager-tres-largement-3409925.html\" title=\"Read more\" target=\"_blank\" rel=\"nofollow\">[...]<\/a><\/p><\/div><\/div><div class=\"srr-item odd srr-clearfix\"><div class=\"srr-title\"><a href=\"https:\/\/france3-regions.franceinfo.fr\/auvergne-rhone-alpes\/puy-de-dome\/clermont-ferrand\/interdiction-du-telephone-portable-au-lycee-une-rentree-deconnectee-3409913.html\" target=\"_blank\" rel=\"nofollow\" title=\"Interdiction du t\u00e9l\u00e9phone portable au lyc\u00e9e : une rentr\u00e9e d\u00e9connect\u00e9e\">Interdiction du t\u00e9l\u00e9phone portable au lyc\u00e9e : une rentr\u00e9e d\u00e9connect\u00e9e<\/a><\/div><div class=\"srr-meta\"><\/div><div class=\"srr-summary srr-clearfix\"><p>Au lyc\u00e9e de Riom, pr\u00e8s de Clermont-Ferrand, les \u00e9l\u00e8ves de seconde font leur rentr\u00e9e avec une nouvelle r\u00e8gle qui ne passe pas inaper\u00e7ue : le t\u00e9l\u00e9phone portable est d\u00e9sormais banni pendant toute la journ\u00e9e. Une d\u00e9cision qui divise les lyc\u00e9ens, entre difficult\u00e9s pratiques, risques li\u00e9s aux \u00e9crans et volont\u00e9 de retrouver davantage de lien social. <a href=\"https:\/\/france3-regions.franceinfo.fr\/auvergne-rhone-alpes\/puy-de-dome\/clermont-ferrand\/interdiction-du-telephone-portable-au-lycee-une-rentree-deconnectee-3409913.html\" title=\"Read more\" target=\"_blank\" rel=\"nofollow\">[...]<\/a><\/p><\/div><\/div><div class=\"srr-item even srr-clearfix\"><div class=\"srr-title\"><a href=\"https:\/\/france3-regions.franceinfo.fr\/auvergne-rhone-alpes\/rhone\/penurie-de-logements-etudiants-en-2027-plus-de-660-nouveaux-hebergements-proposes-par-le-crous-dans-la-metropole-de-lyon-3409502.html\" target=\"_blank\" rel=\"nofollow\" title=\"P\u00e9nurie de logements \u00e9tudiants : en 2027, plus de 660 nouveaux h\u00e9bergements propos\u00e9s par le Crous dans la M\u00e9tropole de Lyon\">P\u00e9nurie de logements \u00e9tudiants : en 2027, plus de 660 nouveaux h\u00e9bergements propos\u00e9s par le Crous dans la M\u00e9tropole de Lyon<\/a><\/div><div class=\"srr-meta\"><\/div><div class=\"srr-summary srr-clearfix\"><p>La m\u00e9tropole de Lyon, p\u00f4le attractif de l&#039;enseignement sup\u00e9rieur accueille de plus en plus d&#039;\u00e9tudiants, qui peinent \u00e0 trouver un logement. Face \u00e0 l&#039;insuffisance des logements \u00e9tudiants, en septembre 2027, le Crous proposera 660 nouveaux h\u00e9bergements. <a href=\"https:\/\/france3-regions.franceinfo.fr\/auvergne-rhone-alpes\/rhone\/penurie-de-logements-etudiants-en-2027-plus-de-660-nouveaux-hebergements-proposes-par-le-crous-dans-la-metropole-de-lyon-3409502.html\" title=\"Read more\" target=\"_blank\" rel=\"nofollow\">[...]<\/a><\/p><\/div><\/div><div class=\"srr-item odd srr-clearfix\"><div class=\"srr-title\"><a href=\"https:\/\/france3-regions.franceinfo.fr\/auvergne-rhone-alpes\/isere\/rentree-scolaire-en-chartreuse-un-petit-village-de-montagne-a-la-bonne-surprise-d-ouvrir-une-nouvelle-classe-3409616.html\" target=\"_blank\" rel=\"nofollow\" title=\"Rentr\u00e9e scolaire : en Chartreuse, un petit village de montagne a la bonne surprise d&#039;ouvrir une nouvelle classe\">Rentr\u00e9e scolaire : en Chartreuse, un petit village de montagne a la bonne surprise d&#039;ouvrir une nouvelle classe<\/a><\/div><div class=\"srr-meta\"><\/div><div class=\"srr-summary srr-clearfix\"><p>\u00c0 La Sure en Chartreuse, en Is\u00e8re, la bonne nouvelle de la rentr\u00e9e a \u00e9t\u00e9 d\u00e9voil\u00e9e ce mardi 1er septembre \u00e0 l&#039;ensemble des parents et des \u00e9l\u00e8ves. Gr\u00e2ce \u00e0 l&#039;emm\u00e9nagement de nouvelles familles dans la commune, une classe suppl\u00e9mentaire a \u00e9t\u00e9 ouverte. <a href=\"https:\/\/france3-regions.franceinfo.fr\/auvergne-rhone-alpes\/isere\/rentree-scolaire-en-chartreuse-un-petit-village-de-montagne-a-la-bonne-surprise-d-ouvrir-une-nouvelle-classe-3409616.html\" title=\"Read more\" target=\"_blank\" rel=\"nofollow\">[...]<\/a><\/p><\/div><\/div><div class=\"srr-item even srr-clearfix\"><div class=\"srr-title\"><a href=\"https:\/\/france3-regions.franceinfo.fr\/auvergne-rhone-alpes\/allier\/plus-d-une-dizaine-de-dependances-en-peril-la-fondation-du-patrimoine-au-secours-d-un-chateau-3409811.html\" target=\"_blank\" rel=\"nofollow\" title=\"Plus d&#039;une dizaine de d\u00e9pendances en p\u00e9ril : la Fondation du Patrimoine au secours d&#039;un ch\u00e2teau\">Plus d&#039;une dizaine de d\u00e9pendances en p\u00e9ril : la Fondation du Patrimoine au secours d&#039;un ch\u00e2teau<\/a><\/div><div class=\"srr-meta\"><\/div><div class=\"srr-summary srr-clearfix\"><p>Les laur\u00e9ats du Loto du patrimoine, cr\u00e9\u00e9 par St\u00e9phane Bern, ont \u00e9t\u00e9 d\u00e9voil\u00e9s. Dans l\u2019Allier, il s\u2019agit du ch\u00e2teau de Chassimpierre et de ses d\u00e9pendances. Un \u00e9difice du 16 \u00e8me si\u00e8cle reconstruit au 18 \u00e8me. Un ensemble de b\u00e2timents, t\u00e9moins d\u2019une \u00e9poque que les propri\u00e9taires actuels veulent faire d\u00e9couvrir. <a href=\"https:\/\/france3-regions.franceinfo.fr\/auvergne-rhone-alpes\/allier\/plus-d-une-dizaine-de-dependances-en-peril-la-fondation-du-patrimoine-au-secours-d-un-chateau-3409811.html\" title=\"Read more\" target=\"_blank\" rel=\"nofollow\">[...]<\/a><\/p><\/div><\/div><div class=\"srr-item odd srr-clearfix\"><div class=\"srr-title\"><a href=\"https:\/\/france3-regions.franceinfo.fr\/auvergne-rhone-alpes\/haute-savoie\/autoroute-du-chablais-apres-la-signature-de-l-autorisation-environnementale-les-travaux-de-l-a412-vont-debuter-des-cette-semaine-3409586.html\" target=\"_blank\" rel=\"nofollow\" title=\"Autoroute du Chablais : apr\u00e8s la signature de l\u2019autorisation environnementale, les travaux de l&#039;A412 &quot;vont d\u00e9buter d\u00e8s cette semaine&quot;\">Autoroute du Chablais : apr\u00e8s la signature de l\u2019autorisation environnementale, les travaux de l&#039;A412 &quot;vont d\u00e9buter d\u00e8s cette semaine&quot;<\/a><\/div><div class=\"srr-meta\"><\/div><div class=\"srr-summary srr-clearfix\"><p>C\u2019est une grande avanc\u00e9e pour le projet d\u2019autoroute A412 entre Machilly et Thonon en Haute-Savoie : le pr\u00e9fet a sign\u00e9 l\u2019arr\u00eat\u00e9 d\u2019autorisation environnementale. Indign\u00e9s, les opposants au projet pr\u00e9voient d\u2019ores et d\u00e9j\u00e0 de d\u00e9poser un recours, tandis que le concessionnaire Amedea a annonc\u00e9 le d\u00e9but des travaux &quot;d\u00e8s cette semaine&quot;. <a href=\"https:\/\/france3-regions.franceinfo.fr\/auvergne-rhone-alpes\/haute-savoie\/autoroute-du-chablais-apres-la-signature-de-l-autorisation-environnementale-les-travaux-de-l-a412-vont-debuter-des-cette-semaine-3409586.html\" title=\"Read more\" target=\"_blank\" rel=\"nofollow\">[...]<\/a><\/p><\/div><\/div><div class=\"srr-item even srr-clearfix\"><div class=\"srr-title\"><a href=\"https:\/\/france3-regions.franceinfo.fr\/auvergne-rhone-alpes\/rhone\/lyon\/il-etait-au-sol-le-visage-ensanglante-en-train-de-se-faire-etrangler-une-elue-de-rillieux-raconte-son-agression-et-celle-de-son-conjoint-apres-ol-le-havre-3409694.html\" target=\"_blank\" rel=\"nofollow\" title=\"&quot;Il \u00e9tait au sol, le visage ensanglant\u00e9, en train de se faire \u00e9trangler&quot;: une \u00e9lue de Rillieux raconte son agression et celle de son conjoint apr\u00e8s OL-Le Havre\">&quot;Il \u00e9tait au sol, le visage ensanglant\u00e9, en train de se faire \u00e9trangler&quot;: une \u00e9lue de Rillieux raconte son agression et celle de son conjoint apr\u00e8s OL-Le Havre<\/a><\/div><div class=\"srr-meta\"><\/div><div class=\"srr-summary srr-clearfix\"><p>Meriem Bouchedda et son conjoint ont \u00e9t\u00e9 agress\u00e9s apr\u00e8s le match OL-Le Havre, samedi 29 ao\u00fbt, aux abords du Groupama Stadium. L\u2019\u00e9lue affirme avoir subi des insultes racistes avant que son compagnon ne soit rou\u00e9 de coups. Tous deux ont re\u00e7u 15 jours d\u2019ITT et ont d\u00e9pos\u00e9 plainte. Une enqu\u00eate est en cours. Elle t\u00e9moigne de cette nuit traumatisante. <a href=\"https:\/\/france3-regions.franceinfo.fr\/auvergne-rhone-alpes\/rhone\/lyon\/il-etait-au-sol-le-visage-ensanglante-en-train-de-se-faire-etrangler-une-elue-de-rillieux-raconte-son-agression-et-celle-de-son-conjoint-apres-ol-le-havre-3409694.html\" title=\"Read more\" target=\"_blank\" rel=\"nofollow\">[...]<\/a><\/p><\/div><\/div><div class=\"srr-item odd srr-clearfix\"><div class=\"srr-title\"><a href=\"https:\/\/france3-regions.franceinfo.fr\/auvergne-rhone-alpes\/puy-de-dome\/clermont-ferrand\/clermont-foot-63-un-nouvel-avant-centre-rejoint-le-club-jusqu-en-2029-3409607.html\" target=\"_blank\" rel=\"nofollow\" title=\"Clermont Foot 63 : un nouvel avant-centre rejoint le club jusqu\u2019en 2029\">Clermont Foot 63 : un nouvel avant-centre rejoint le club jusqu\u2019en 2029<\/a><\/div><div class=\"srr-meta\"><\/div><div class=\"srr-summary srr-clearfix\"><p>Le Clermont Foot 63 tient son nouvel avant-centre. Le club auvergnat a officialis\u00e9 ce mardi 1er septembre l\u2019arriv\u00e9e de Luis Hemir Semedo, attaquant portugais de 23 ans. Form\u00e9 au Benfica Lisbonne et pass\u00e9 par Sunderland, la Juventus Turin et Moreirense, le buteur s\u2019est engag\u00e9 pour trois saisons, jusqu\u2019en juin 2029. <a href=\"https:\/\/france3-regions.franceinfo.fr\/auvergne-rhone-alpes\/puy-de-dome\/clermont-ferrand\/clermont-foot-63-un-nouvel-avant-centre-rejoint-le-club-jusqu-en-2029-3409607.html\" title=\"Read more\" target=\"_blank\" rel=\"nofollow\">[...]<\/a><\/p><\/div><\/div><div class=\"srr-item even srr-clearfix\"><div class=\"srr-title\"><a href=\"https:\/\/france3-regions.franceinfo.fr\/auvergne-rhone-alpes\/isere\/grenoble\/un-homme-meurt-dans-un-ehpad-apres-l-embrasement-de-son-fauteuil-roulant-la-piste-accidentelle-privilegiee-3408878.html\" target=\"_blank\" rel=\"nofollow\" title=\"Un homme meurt dans un EHPAD apr\u00e8s l\u2019embrasement de son fauteuil roulant : la piste accidentelle privil\u00e9gi\u00e9e\">Un homme meurt dans un EHPAD apr\u00e8s l\u2019embrasement de son fauteuil roulant : la piste accidentelle privil\u00e9gi\u00e9e<\/a><\/div><div class=\"srr-meta\"><\/div><div class=\"srr-summary srr-clearfix\"><p>Un homme de 67 ans r\u00e9sident d\u2019un EHPAD \u00e0 Tullins, en Is\u00e8re, a perdu la vie apr\u00e8s l\u2019embrasement de son fauteuil roulant \u00e9lectrique. Une enqu\u00eate a \u00e9t\u00e9 ouverte pour d\u00e9terminer les causes de la mort. <a href=\"https:\/\/france3-regions.franceinfo.fr\/auvergne-rhone-alpes\/isere\/grenoble\/un-homme-meurt-dans-un-ehpad-apres-l-embrasement-de-son-fauteuil-roulant-la-piste-accidentelle-privilegiee-3408878.html\" title=\"Read more\" target=\"_blank\" rel=\"nofollow\">[...]<\/a><\/p><\/div><\/div><\/div><\/div><div class=\"srr-wrap srr-style-grey\" data-id=\"srr-tab-819\"><p>RSS Error: A feed could not be found at `https:\/\/news.google.fr\/news?pz=1&zx=ar52tp135zcm`; the status code is `200` and content-type is `text\/html; charset=utf-8`<\/p><\/div><div class=\"srr-wrap srr-style-grey srr-vticker\" data-visible=\"20\" data-speed=\"180000\" data-id=\"srr-tab-176\"><div><div class=\"srr-item odd srr-clearfix\"><div class=\"srr-title\"><a href=\"https:\/\/www.lemonde.fr\/international\/video\/2026\/09\/01\/meurtre-de-tupac-shakur-duane-davis-ancienne-figure-d-un-celebre-gang-californien-reconnu-coupable_6763480_3210.html\" target=\"_blank\" rel=\"nofollow\" title=\"Meurtre de Tupac Shakur\u00a0: Duane Davis, ancienne figure d\u2019un c\u00e9l\u00e8bre gang californien, reconnu coupable\">Meurtre de Tupac Shakur\u00a0: Duane Davis, ancienne figure d\u2019un c\u00e9l\u00e8bre gang californien, reconnu coupable<\/a><\/div><div class=\"srr-meta\"><\/div><div class=\"srr-summary srr-clearfix\"><p>Dans son r\u00e9quisitoire, le procureur Binu Palal a martel\u00e9 la th\u00e8se de l\u2019accusation de repr\u00e9sailles au passage \u00e0 tabac du neveu de Duane Davis, Orlando Anderson, auquel Tupac Shakur avait particip\u00e9, dans un cycle de vendetta. <a href=\"https:\/\/www.lemonde.fr\/international\/video\/2026\/09\/01\/meurtre-de-tupac-shakur-duane-davis-ancienne-figure-d-un-celebre-gang-californien-reconnu-coupable_6763480_3210.html\" title=\"Read more\" target=\"_blank\" rel=\"nofollow\">[...]<\/a><\/p><\/div><\/div><div class=\"srr-item even srr-clearfix\"><div class=\"srr-title\"><a href=\"https:\/\/www.lemonde.fr\/planete\/video\/2026\/08\/31\/inondations-au-nepal-et-au-tibet-les-recherches-d-ouvriers-pieges-dans-des-tunnels-continuent_6762608_3244.html\" target=\"_blank\" rel=\"nofollow\" title=\"VIDEO Les recherches d\u2019ouvriers pi\u00e9g\u00e9s dans des tunnels apr\u00e8s les inondations au N\u00e9pal continuent\">VIDEO Les recherches d\u2019ouvriers pi\u00e9g\u00e9s dans des tunnels apr\u00e8s les inondations au N\u00e9pal continuent<\/a><\/div><div class=\"srr-meta\"><\/div><div class=\"srr-summary srr-clearfix\"><p>Les secouristes s\u2019affairent sans rel\u00e2che, dans des conditions p\u00e9rilleuses et malgr\u00e9 les risques d\u2019une nouvelle mont\u00e9e des eaux. Les tunnels de plusieurs chantiers de centrales hydro\u00e9lectriques sont fouill\u00e9s. <a href=\"https:\/\/www.lemonde.fr\/planete\/video\/2026\/08\/31\/inondations-au-nepal-et-au-tibet-les-recherches-d-ouvriers-pieges-dans-des-tunnels-continuent_6762608_3244.html\" title=\"Read more\" target=\"_blank\" rel=\"nofollow\">[...]<\/a><\/p><\/div><\/div><div class=\"srr-item odd srr-clearfix\"><div class=\"srr-title\"><a href=\"https:\/\/www.lemonde.fr\/afrique\/video\/2026\/08\/31\/on-reinstaure-la-condamnation-a-mort-en-algerie-le-president-veut-faire-appliquer-la-peine-de-mort-pour-les-pyromanes_6762602_3212.html\" target=\"_blank\" rel=\"nofollow\" title=\"\u00ab\u00a0On r\u00e9instaure la condamnation \u00e0 mort\u00a0\u00bb\u00a0: en Alg\u00e9rie, le pr\u00e9sident veut faire appliquer la peine de mort pour les pyromanes\">\u00ab\u00a0On r\u00e9instaure la condamnation \u00e0 mort\u00a0\u00bb\u00a0: en Alg\u00e9rie, le pr\u00e9sident veut faire appliquer la peine de mort pour les pyromanes<\/a><\/div><div class=\"srr-meta\"><\/div><div class=\"srr-summary srr-clearfix\"><p>Apr\u00e8s les incendies meurtriers qui ont ravag\u00e9 l\u2019est et le nord du pays, Abdelmadjid Tebboune a annonc\u00e9 vouloir r\u00e9tablir l\u2019application de la peine de mort contre les pyromanes. <a href=\"https:\/\/www.lemonde.fr\/afrique\/video\/2026\/08\/31\/on-reinstaure-la-condamnation-a-mort-en-algerie-le-president-veut-faire-appliquer-la-peine-de-mort-pour-les-pyromanes_6762602_3212.html\" title=\"Read more\" target=\"_blank\" rel=\"nofollow\">[...]<\/a><\/p><\/div><\/div><div class=\"srr-item even srr-clearfix\"><div class=\"srr-title\"><a href=\"https:\/\/www.lemonde.fr\/international\/video\/2026\/08\/31\/niger-une-tentative-de-putsch-avortee_6762482_3210.html\" target=\"_blank\" rel=\"nofollow\" title=\"Niger\u00a0: une tentative de putsch avort\u00e9e\">Niger\u00a0: une tentative de putsch avort\u00e9e<\/a><\/div><div class=\"srr-meta\"><\/div><div class=\"srr-summary srr-clearfix\"><p>Des tirs sont entendus depuis le milieu de la nuit autour du palais pr\u00e9sidentiel de Niamey et d\u2019une base a\u00e9rienne qui se trouve dans l\u2019enceinte de l\u2019a\u00e9roport de la capitale. <a href=\"https:\/\/www.lemonde.fr\/international\/video\/2026\/08\/31\/niger-une-tentative-de-putsch-avortee_6762482_3210.html\" title=\"Read more\" target=\"_blank\" rel=\"nofollow\">[...]<\/a><\/p><\/div><\/div><div class=\"srr-item odd srr-clearfix\"><div class=\"srr-title\"><a href=\"https:\/\/www.lemonde.fr\/international\/video\/2026\/08\/31\/les-images-de-la-crue-soudaine-dans-le-parc-du-grand-canyon-en-arizona_6762103_3210.html\" target=\"_blank\" rel=\"nofollow\" title=\"Les images de la crue soudaine dans le parc du Grand Canyon, en Arizona\">Les images de la crue soudaine dans le parc du Grand Canyon, en Arizona<\/a><\/div><div class=\"srr-meta\"><\/div><div class=\"srr-summary srr-clearfix\"><p>Des vid\u00e9os tourn\u00e9es par des randonneurs montrent un torrent d\u2019eau boueuse d\u00e9ferlant le long d\u2019un sentier et sous des passerelles, ainsi que des troncs d\u2019arbres et d\u2019autres d\u00e9bris emport\u00e9s par la rivi\u00e8re en crue. <a href=\"https:\/\/www.lemonde.fr\/international\/video\/2026\/08\/31\/les-images-de-la-crue-soudaine-dans-le-parc-du-grand-canyon-en-arizona_6762103_3210.html\" title=\"Read more\" target=\"_blank\" rel=\"nofollow\">[...]<\/a><\/p><\/div><\/div><div class=\"srr-item even srr-clearfix\"><div class=\"srr-title\"><a href=\"https:\/\/www.lemonde.fr\/international\/video\/2026\/08\/30\/chypre-au-moins-7-morts-dans-le-naufrage-d-un-bateau-de-croisiere_6761388_3210.html\" target=\"_blank\" rel=\"nofollow\" title=\"Chypre\u00a0: au moins 7\u00a0morts dans le naufrage d\u2019un bateau de croisi\u00e8re\">Chypre\u00a0: au moins 7\u00a0morts dans le naufrage d\u2019un bateau de croisi\u00e8re<\/a><\/div><div class=\"srr-meta\"><\/div><div class=\"srr-summary srr-clearfix\"><p>Les causes du naufrage du ferry, \u00e0 bord duquel avaient embarqu\u00e9 quelque 270\u00a0personnes, ne sont pas connues, mais un t\u00e9moin a \u00e9voqu\u00e9 une explosion qui aurait fait plonger l\u2019avant du bateau. <a href=\"https:\/\/www.lemonde.fr\/international\/video\/2026\/08\/30\/chypre-au-moins-7-morts-dans-le-naufrage-d-un-bateau-de-croisiere_6761388_3210.html\" title=\"Read more\" target=\"_blank\" rel=\"nofollow\">[...]<\/a><\/p><\/div><\/div><div class=\"srr-item odd srr-clearfix\"><div class=\"srr-title\"><a href=\"https:\/\/www.lemonde.fr\/international\/video\/2026\/08\/30\/video-en-cisjordanie-occupee-des-colons-israeliens-attaquent-le-village-de-qusra_6761186_3210.html\" target=\"_blank\" rel=\"nofollow\" title=\"VID\u00c9O. En Cisjordanie occup\u00e9e, des colons isra\u00e9liens attaquent le village de Qusra\">VID\u00c9O. En Cisjordanie occup\u00e9e, des colons isra\u00e9liens attaquent le village de Qusra<\/a><\/div><div class=\"srr-meta\"><\/div><div class=\"srr-summary srr-clearfix\"><p>Plusieurs dizaines de colons ont encercl\u00e9, samedi, une maison de Qusra et ont jet\u00e9 des pierres sur des Palestiniens. Les forces de l\u2019ordre les ont chass\u00e9s sans en interpeller aucun et auraient frapp\u00e9 les occupants. <a href=\"https:\/\/www.lemonde.fr\/international\/video\/2026\/08\/30\/video-en-cisjordanie-occupee-des-colons-israeliens-attaquent-le-village-de-qusra_6761186_3210.html\" title=\"Read more\" target=\"_blank\" rel=\"nofollow\">[...]<\/a><\/p><\/div><\/div><div class=\"srr-item even srr-clearfix\"><div class=\"srr-title\"><a href=\"https:\/\/www.lemonde.fr\/videos\/video\/2026\/08\/30\/quatre-semaines-a-bord-d-un-brise-glace-pourquoi-l-un-des-plus-grands-glaciers-du-groenland-subit-un-recul-spectaculaire_6761185_1669088.html\" target=\"_blank\" rel=\"nofollow\" title=\"Quatre semaines \u00e0 bord d\u2019un brise-glace\u00a0: pourquoi l\u2019un des plus grands glaciers du Groenland subit un recul spectaculaire\">Quatre semaines \u00e0 bord d\u2019un brise-glace\u00a0: pourquoi l\u2019un des plus grands glaciers du Groenland subit un recul spectaculaire<\/a><\/div><div class=\"srr-meta\"><\/div><div class=\"srr-summary srr-clearfix\"><p>\u00ab\u00a0Terre de glace\u00a0\u00bb (3\/4). Le glacier Petermann, situ\u00e9 dans l\u2019extr\u00eame nord du Groenland, est particuli\u00e8rement vuln\u00e9rable au r\u00e9chauffement climatique. Notre journaliste L\u00e9a Bello passe tout le mois d\u2019ao\u00fbt dans le Grand Nord \u00e0 l\u2019occasion d\u2019une exp\u00e9dition scientifique exceptionnelle. <a href=\"https:\/\/www.lemonde.fr\/videos\/video\/2026\/08\/30\/quatre-semaines-a-bord-d-un-brise-glace-pourquoi-l-un-des-plus-grands-glaciers-du-groenland-subit-un-recul-spectaculaire_6761185_1669088.html\" title=\"Read more\" target=\"_blank\" rel=\"nofollow\">[...]<\/a><\/p><\/div><\/div><div class=\"srr-item odd srr-clearfix\"><div class=\"srr-title\"><a href=\"https:\/\/www.lemonde.fr\/videos\/video\/2026\/08\/30\/comment-le-carnaval-de-notting-hill-est-il-ne_6760669_1669088.html\" target=\"_blank\" rel=\"nofollow\" title=\"Comment le carnaval de Notting Hill\u00a0est-il n\u00e9\u00a0?\">Comment le carnaval de Notting Hill\u00a0est-il n\u00e9\u00a0?<\/a><\/div><div class=\"srr-meta\"><\/div><div class=\"srr-summary srr-clearfix\"><p>Depuis 1966, le carnaval de Notting Hill c\u00e9l\u00e8bre chaque ann\u00e9e les cultures carib\u00e9ennes \u00e0 Londres. Mais derri\u00e8re cette immense f\u00eate populaire se cache une histoire de racisme et de violences. <a href=\"https:\/\/www.lemonde.fr\/videos\/video\/2026\/08\/30\/comment-le-carnaval-de-notting-hill-est-il-ne_6760669_1669088.html\" title=\"Read more\" target=\"_blank\" rel=\"nofollow\">[...]<\/a><\/p><\/div><\/div><div class=\"srr-item even srr-clearfix\"><div class=\"srr-title\"><a href=\"https:\/\/www.lemonde.fr\/comprendre-en-3-minutes\/video\/2026\/08\/29\/pourquoi-l-avenir-de-la-tour-montparnasse-est-il-en-jeu-dans-les-prochaines-semaines-comprendre-en-trois-minutes_6759543_6176282.html\" target=\"_blank\" rel=\"nofollow\" title=\"Pourquoi l\u2019avenir de la tour Montparnasse est-il en jeu dans les prochaines semaines\u00a0? Comprendre en trois minutes\">Pourquoi l\u2019avenir de la tour Montparnasse est-il en jeu dans les prochaines semaines\u00a0? Comprendre en trois minutes<\/a><\/div><div class=\"srr-meta\"><\/div><div class=\"srr-summary srr-clearfix\"><p>Si le b\u00e2timent parisien a \u00e9t\u00e9 vid\u00e9 de ses occupants en mars\u00a02026, le d\u00e9marrage du chantier de r\u00e9novation est retard\u00e9 par de nombreux conflits entre copropri\u00e9taires. <a href=\"https:\/\/www.lemonde.fr\/comprendre-en-3-minutes\/video\/2026\/08\/29\/pourquoi-l-avenir-de-la-tour-montparnasse-est-il-en-jeu-dans-les-prochaines-semaines-comprendre-en-trois-minutes_6759543_6176282.html\" title=\"Read more\" target=\"_blank\" rel=\"nofollow\">[...]<\/a><\/p><\/div><\/div><div class=\"srr-item odd srr-clearfix\"><div class=\"srr-title\"><a href=\"https:\/\/www.lemonde.fr\/international\/video\/2026\/08\/28\/en-image-le-raz-de-maree-qui-a-submerge-le-nepal-et-le-tibet_6759058_3210.html\" target=\"_blank\" rel=\"nofollow\" title=\"En images, les inondations qui ont submerg\u00e9 le N\u00e9pal et le Tibet\">En images, les inondations qui ont submerg\u00e9 le N\u00e9pal et le Tibet<\/a><\/div><div class=\"srr-meta\"><\/div><div class=\"srr-summary srr-clearfix\"><p>Vendredi matin, les autorit\u00e9s n\u00e9palaises ont ordonn\u00e9 en urgence l\u2019\u00e9vacuation des zones sinistr\u00e9es apr\u00e8s le d\u00e9but de rupture d\u2019un lac de retenue form\u00e9 \u00e0 la suite de la coul\u00e9e de boue en territoire tib\u00e9tain. <a href=\"https:\/\/www.lemonde.fr\/international\/video\/2026\/08\/28\/en-image-le-raz-de-maree-qui-a-submerge-le-nepal-et-le-tibet_6759058_3210.html\" title=\"Read more\" target=\"_blank\" rel=\"nofollow\">[...]<\/a><\/p><\/div><\/div><div class=\"srr-item even srr-clearfix\"><div class=\"srr-title\"><a href=\"https:\/\/www.lemonde.fr\/afrique\/video\/2026\/08\/28\/algerie-le-temoignage-d-habitants-sinistres-apres-des-incendies-meurtriers_6759002_3212.html\" target=\"_blank\" rel=\"nofollow\" title=\"VIDEO Alg\u00e9rie : le t\u00e9moignage d\u2019habitants sinistr\u00e9s apr\u00e8s des incendies meurtriers\">VIDEO Alg\u00e9rie : le t\u00e9moignage d\u2019habitants sinistr\u00e9s apr\u00e8s des incendies meurtriers<\/a><\/div><div class=\"srr-meta\"><\/div><div class=\"srr-summary srr-clearfix\"><p>Des dizaines de personnes ont \u00e9t\u00e9 \u00e9vacu\u00e9es, les incendies progressant jusque dans des zones r\u00e9sidentielles de plusieurs r\u00e9gions du nord-est du pays. <a href=\"https:\/\/www.lemonde.fr\/afrique\/video\/2026\/08\/28\/algerie-le-temoignage-d-habitants-sinistres-apres-des-incendies-meurtriers_6759002_3212.html\" title=\"Read more\" target=\"_blank\" rel=\"nofollow\">[...]<\/a><\/p><\/div><\/div><div class=\"srr-item odd srr-clearfix\"><div class=\"srr-title\"><a href=\"https:\/\/www.lemonde.fr\/planete\/video\/2026\/08\/28\/orages-des-habitants-d-ile-de-france-filment-les-degats_6758970_3244.html\" target=\"_blank\" rel=\"nofollow\" title=\"VIDEO Orages : des habitants d\u2019Ile-de-France filment les d\u00e9g\u00e2ts\">VIDEO Orages : des habitants d\u2019Ile-de-France filment les d\u00e9g\u00e2ts<\/a><\/div><div class=\"srr-meta\"><\/div><div class=\"srr-summary srr-clearfix\"><p>La pluie, la gr\u00eale et le vent qui se sont abattus sur la r\u00e9gion francilienne, en vigilance orange pour les orages, ont surtout touch\u00e9 le d\u00e9partement du Val-de-Marne. <a href=\"https:\/\/www.lemonde.fr\/planete\/video\/2026\/08\/28\/orages-des-habitants-d-ile-de-france-filment-les-degats_6758970_3244.html\" title=\"Read more\" target=\"_blank\" rel=\"nofollow\">[...]<\/a><\/p><\/div><\/div><div class=\"srr-item even srr-clearfix\"><div class=\"srr-title\"><a href=\"https:\/\/www.lemonde.fr\/comprendre-en-3-minutes\/video\/2026\/08\/28\/qu-est-ce-qu-une-canicule-marine-comprendre-en-trois-minutes_6758844_6176282.html\" target=\"_blank\" rel=\"nofollow\" title=\"Qu\u2019est-ce qu\u2019une canicule marine\u00a0? Comprendre en trois minutes\">Qu\u2019est-ce qu\u2019une canicule marine\u00a0? Comprendre en trois minutes<\/a><\/div><div class=\"srr-meta\"><\/div><div class=\"srr-summary srr-clearfix\"><p>La hausse exceptionnelle des temp\u00e9ratures estivales de 2026\u00a0s\u2019est aussi fait ressentir dans les mers et les oc\u00e9ans. Elle bouleverse les \u00e9cosyst\u00e8mes marins. <a href=\"https:\/\/www.lemonde.fr\/comprendre-en-3-minutes\/video\/2026\/08\/28\/qu-est-ce-qu-une-canicule-marine-comprendre-en-trois-minutes_6758844_6176282.html\" title=\"Read more\" target=\"_blank\" rel=\"nofollow\">[...]<\/a><\/p><\/div><\/div><div class=\"srr-item odd srr-clearfix\"><div class=\"srr-title\"><a href=\"https:\/\/www.lemonde.fr\/videos\/video\/2026\/08\/27\/caen-un-automobiliste-fonce-sur-un-groupe-de-pietons_6758452_1669088.html\" target=\"_blank\" rel=\"nofollow\" title=\"Caen\u00a0: un automobiliste fonce sur un groupe de pi\u00e9tons\">Caen\u00a0: un automobiliste fonce sur un groupe de pi\u00e9tons<\/a><\/div><div class=\"srr-meta\"><\/div><div class=\"srr-summary srr-clearfix\"><p>Le conducteur du v\u00e9hicule, un ressortissant russe d\u2019origine tch\u00e9tch\u00e8ne de 26\u00a0ans, a \u00e9t\u00e9 interpell\u00e9 \u00e0 Ouistreham, ville situ\u00e9e sur le littoral \u00e0 une vingtaine de kilom\u00e8tres, selon le procureur de la R\u00e9publique, Jo\u00ebl Garrigue. <a href=\"https:\/\/www.lemonde.fr\/videos\/video\/2026\/08\/27\/caen-un-automobiliste-fonce-sur-un-groupe-de-pietons_6758452_1669088.html\" title=\"Read more\" target=\"_blank\" rel=\"nofollow\">[...]<\/a><\/p><\/div><\/div><div class=\"srr-item even srr-clearfix\"><div class=\"srr-title\"><a href=\"https:\/\/www.lemonde.fr\/planete\/video\/2026\/08\/27\/inondations-au-nepal-et-au-tibet-les-images-par-satellite-de-la-destruction-causee-par-les-coulees-de-boues_6758212_3244.html\" target=\"_blank\" rel=\"nofollow\" title=\"Inondations au N\u00e9pal et au Tibet\u00a0: les images par satellite des destructions caus\u00e9es par les coul\u00e9es de boues\">Inondations au N\u00e9pal et au Tibet\u00a0: les images par satellite des destructions caus\u00e9es par les coul\u00e9es de boues<\/a><\/div><div class=\"srr-meta\"><\/div><div class=\"srr-summary srr-clearfix\"><p>Les glissements de terrain ont fait au moins 270\u00a0morts et 1\u00a0000\u00a0disparus, d\u2019apr\u00e8s un bilan provisoire du 27\u00a0ao\u00fbt. Selon l\u2019Institut d\u2019\u00e9tudes g\u00e9ologiques des Etats-Unis, la chute d\u2019un glacier a provoqu\u00e9 un tremblement de terre de magnitude\u00a05,2. <a href=\"https:\/\/www.lemonde.fr\/planete\/video\/2026\/08\/27\/inondations-au-nepal-et-au-tibet-les-images-par-satellite-de-la-destruction-causee-par-les-coulees-de-boues_6758212_3244.html\" title=\"Read more\" target=\"_blank\" rel=\"nofollow\">[...]<\/a><\/p><\/div><\/div><div class=\"srr-item odd srr-clearfix\"><div class=\"srr-title\"><a href=\"https:\/\/www.lemonde.fr\/videos\/video\/2026\/08\/27\/qu-est-ce-que-le-voguing-cette-danse-inspiree-des-couvertures-du-magazine-vogue_6757901_1669088.html\" target=\"_blank\" rel=\"nofollow\" title=\"Qu\u2019est-ce que le voguing, cette danse inspir\u00e9e des couvertures du magazine \u00ab\u00a0Vogue\u00a0\u00bb\u00a0?\">Qu\u2019est-ce que le voguing, cette danse inspir\u00e9e des couvertures du magazine \u00ab\u00a0Vogue\u00a0\u00bb\u00a0?<\/a><\/div><div class=\"srr-meta\"><\/div><div class=\"srr-summary srr-clearfix\"><p>N\u00e9 dans les clubs du New York des ann\u00e9es 1960, le voguing s\u2019inscrit dans l\u2019histoire des communaut\u00e9s noires et latino LGBTQIA +. <a href=\"https:\/\/www.lemonde.fr\/videos\/video\/2026\/08\/27\/qu-est-ce-que-le-voguing-cette-danse-inspiree-des-couvertures-du-magazine-vogue_6757901_1669088.html\" title=\"Read more\" target=\"_blank\" rel=\"nofollow\">[...]<\/a><\/p><\/div><\/div><div class=\"srr-item even srr-clearfix\"><div class=\"srr-title\"><a href=\"https:\/\/www.lemonde.fr\/international\/video\/2026\/08\/26\/syrie-les-kurdes-annoncent-dissoudre-leurs-forces-armees_6757423_3210.html\" target=\"_blank\" rel=\"nofollow\" title=\"Syrie\u00a0: les Kurdes annoncent dissoudre\u00a0leurs forces arm\u00e9es\">Syrie\u00a0: les Kurdes annoncent dissoudre\u00a0leurs forces arm\u00e9es<\/a><\/div><div class=\"srr-meta\"><\/div><div class=\"srr-summary srr-clearfix\"><p>Form\u00e9es en\u00a02015\u00a0\u00e0 l\u2019initiative des Etats-Unis, les Forces d\u00e9mocratiques syriennes (FDS) constituaient l\u2019arm\u00e9e de l\u2019administration autonome kurde en Syrie, et elles avaient combattu l\u2019organisation Etat islamique (EI). <a href=\"https:\/\/www.lemonde.fr\/international\/video\/2026\/08\/26\/syrie-les-kurdes-annoncent-dissoudre-leurs-forces-armees_6757423_3210.html\" title=\"Read more\" target=\"_blank\" rel=\"nofollow\">[...]<\/a><\/p><\/div><\/div><div class=\"srr-item odd srr-clearfix\"><div class=\"srr-title\"><a href=\"https:\/\/www.lemonde.fr\/international\/video\/2026\/08\/26\/nepal-les-images-des-inondations-massives-qui-ont-fait-au-moins-72-morts-et-384-touristes-disparus_6757393_3210.html\" target=\"_blank\" rel=\"nofollow\" title=\"N\u00e9pal\u00a0: les images des inondations massives qui ont fait au moins 160\u00a0morts\u00a0et 384\u00a0touristes disparus\">N\u00e9pal\u00a0: les images des inondations massives qui ont fait au moins 160\u00a0morts\u00a0et 384\u00a0touristes disparus<\/a><\/div><div class=\"srr-meta\"><\/div><div class=\"srr-summary srr-clearfix\"><p>Les images montrent de nombreuses maisons englouties par un torrent de boue dans les districts n\u00e9palais de Nuwakot et Rasuwa. A la fronti\u00e8re avec la Chine, \u00e0 Gyirong, une violente coul\u00e9e a emport\u00e9 le poste frontalier alors que de nombreuses personnes tentaient de fuir quelques secondes avant la catastrophe. <a href=\"https:\/\/www.lemonde.fr\/international\/video\/2026\/08\/26\/nepal-les-images-des-inondations-massives-qui-ont-fait-au-moins-72-morts-et-384-touristes-disparus_6757393_3210.html\" title=\"Read more\" target=\"_blank\" rel=\"nofollow\">[...]<\/a><\/p><\/div><\/div><div class=\"srr-item even srr-clearfix\"><div class=\"srr-title\"><a href=\"https:\/\/www.lemonde.fr\/videos\/video\/2026\/08\/26\/centrafrique-ce-qu-il-faut-savoir-sur-l-effondrement-meurtrier-d-une-mine-d-or-artisanale_6757375_1669088.html\" target=\"_blank\" rel=\"nofollow\" title=\"Centrafrique\u00a0: ce qu\u2019il faut savoir sur l\u2019effondrement meurtrier d\u2019une mine d\u2019or artisanale\">Centrafrique\u00a0: ce qu\u2019il faut savoir sur l\u2019effondrement meurtrier d\u2019une mine d\u2019or artisanale<\/a><\/div><div class=\"srr-meta\"><\/div><div class=\"srr-summary srr-clearfix\"><p>Au moins 100\u00a0personnes ont \u00e9t\u00e9 tu\u00e9es lors de l\u2019effondrement d\u2019une mine d\u2019or artisanale, le 18\u00a0ao\u00fbt\u00a02026, en Centrafrique. Un drame qui relance le d\u00e9bat sur de la dangerosit\u00e9 de ces lieux d\u2019extraction qui op\u00e8rent dans l\u2019ill\u00e9galit\u00e9. <a href=\"https:\/\/www.lemonde.fr\/videos\/video\/2026\/08\/26\/centrafrique-ce-qu-il-faut-savoir-sur-l-effondrement-meurtrier-d-une-mine-d-or-artisanale_6757375_1669088.html\" title=\"Read more\" target=\"_blank\" rel=\"nofollow\">[...]<\/a><\/p><\/div><\/div><\/div><\/div><div class=\"srr-wrap srr-style-grey\" data-id=\"srr-tab-455\"><p>RSS Error: Retrieved unsupported status code \"403\"<\/p><\/div><div class=\"srr-wrap srr-style-grey srr-vticker\" data-visible=\"20\" data-speed=\"180000\" data-id=\"srr-tab-211\"><div><div class=\"srr-item odd srr-clearfix\"><div class=\"srr-title\"><a href=\"https:\/\/www.01net.com\/actualites\/le-galaxy-z-fold-8-cartonne-samsung-est-oblige-de-piocher-dans-les-pieces-de-ses-autres-smartphones.html\" target=\"_blank\" rel=\"nofollow\" title=\"Le Galaxy Z Fold 8 cartonne\u00a0: Samsung est oblig\u00e9 de piocher dans les pi\u00e8ces de ses autres smartphones\">Le Galaxy Z Fold 8 cartonne\u00a0: Samsung est oblig\u00e9 de piocher dans les pi\u00e8ces de ses autres smartphones<\/a><\/div><div class=\"srr-meta\"><\/div><div class=\"srr-summary srr-clearfix\"><p>Fin 2024, Samsung taillait dans ses plans de production de pliables faute d&#039;acheteurs. Cet \u00e9t\u00e9, le Galaxy Z Fold 8 se vend si vite que le constructeur pillerait ses r\u00e9serves de puces pr\u00e9vues pour l&#039;an prochain. <a href=\"https:\/\/www.01net.com\/actualites\/le-galaxy-z-fold-8-cartonne-samsung-est-oblige-de-piocher-dans-les-pieces-de-ses-autres-smartphones.html\" title=\"Read more\" target=\"_blank\" rel=\"nofollow\">[...]<\/a><\/p><\/div><\/div><div class=\"srr-item even srr-clearfix\"><div class=\"srr-title\"><a href=\"https:\/\/www.01net.com\/actualites\/dyson-devoile-la-camerajet-la-brosse-a-dents-qui-filme-linterieur-de-votre-bouche.html\" target=\"_blank\" rel=\"nofollow\" title=\"Dyson d\u00e9voile la CameraJet, la brosse \u00e0 dents qui filme l\u2019int\u00e9rieur de votre bouche\">Dyson d\u00e9voile la CameraJet, la brosse \u00e0 dents qui filme l\u2019int\u00e9rieur de votre bouche<\/a><\/div><div class=\"srr-meta\"><\/div><div class=\"srr-summary srr-clearfix\"><p>Dyson a d\u00e9voil\u00e9 la CameraJet, une brosse \u00e0 dents \u00e9lectrique qui filme l\u2019int\u00e9rieur de votre bouche, tout en projetant des jets de bain de bouche. Mode de fonctionnement, prix : voici tout ce qu\u2019il faut savoir. <a href=\"https:\/\/www.01net.com\/actualites\/dyson-devoile-la-camerajet-la-brosse-a-dents-qui-filme-linterieur-de-votre-bouche.html\" title=\"Read more\" target=\"_blank\" rel=\"nofollow\">[...]<\/a><\/p><\/div><\/div><div class=\"srr-item odd srr-clearfix\"><div class=\"srr-title\"><a href=\"https:\/\/www.01net.com\/actualites\/avancer-sans-tuer-personne-gta-6-cache-nouveaute-completement-changer-votre-facon-jouer.html\" target=\"_blank\" rel=\"nofollow\" title=\"\u00ab\u00a0Avancer sans tuer personne\u00a0\u00bb : GTA 6 cache une nouveaut\u00e9 qui va compl\u00e8tement changer votre fa\u00e7on de jouer\">\u00ab\u00a0Avancer sans tuer personne\u00a0\u00bb : GTA 6 cache une nouveaut\u00e9 qui va compl\u00e8tement changer votre fa\u00e7on de jouer<\/a><\/div><div class=\"srr-meta\"><\/div><div class=\"srr-summary srr-clearfix\"><p>Dans une interview accord\u00e9e au magazine Famitsu, Rockstar Games confirme l&#039;arriv\u00e9e d\u2019une m\u00e9canique de jeu in\u00e9dite dans GTA 6 qui permettra d&#039;intimider les forces de l&#039;ordre et les civils sans avoir \u00e0 les tuer lors des missions. Une mani\u00e8re de r\u00e9pondre \u00e0 certaines critiques r\u00e9currentes autour de la violence de la s\u00e9rie. <a href=\"https:\/\/www.01net.com\/actualites\/avancer-sans-tuer-personne-gta-6-cache-nouveaute-completement-changer-votre-facon-jouer.html\" title=\"Read more\" target=\"_blank\" rel=\"nofollow\">[...]<\/a><\/p><\/div><\/div><div class=\"srr-item even srr-clearfix\"><div class=\"srr-title\"><a href=\"https:\/\/www.01net.com\/actualites\/fini-corvee-cles-voici-comment-transformer-samsung-double-virtuel-volkswagen.html\" target=\"_blank\" rel=\"nofollow\" title=\"Plus besoin de cl\u00e9s pour sa voiture\u00a0: voici comment transformer votre smartphone Samsung en cl\u00e9 pour votre Volkswagen\">Plus besoin de cl\u00e9s pour sa voiture\u00a0: voici comment transformer votre smartphone Samsung en cl\u00e9 pour votre Volkswagen<\/a><\/div><div class=\"srr-meta\"><\/div><div class=\"srr-summary srr-clearfix\"><p>Samsung et Volkswagen annoncent un partenariat permettant de transformer son smartphone en cl\u00e9 num\u00e9rique pour piloter son v\u00e9hicule \u00e0 distance. Cette nouvelle fonctionnalit\u00e9 concernera tous les mod\u00e8les Volkswagen \u00e9lectriques r\u00e9cents. <a href=\"https:\/\/www.01net.com\/actualites\/fini-corvee-cles-voici-comment-transformer-samsung-double-virtuel-volkswagen.html\" title=\"Read more\" target=\"_blank\" rel=\"nofollow\">[...]<\/a><\/p><\/div><\/div><div class=\"srr-item odd srr-clearfix\"><div class=\"srr-title\"><a href=\"https:\/\/www.01net.com\/actualites\/conduite-autonome-en-europe-tesla-publie-un-bilan-tres-positif-mais-faut-il-y-croire.html\" target=\"_blank\" rel=\"nofollow\" title=\"Conduite autonome en Europe\u00a0: Tesla publie un bilan tr\u00e8s positif, mais faut-il y croire\u00a0?\">Conduite autonome en Europe\u00a0: Tesla publie un bilan tr\u00e8s positif, mais faut-il y croire\u00a0?<\/a><\/div><div class=\"srr-meta\"><\/div><div class=\"srr-summary srr-clearfix\"><p>Tesla vient de publier un rapport chiffr\u00e9 faisant \u00e9tat de la fiabilit\u00e9 du FSD en Europe. Si ce bilan est pour le moins tr\u00e8s positif, il faut n\u00e9anmoins le prendre avec des pincettes. <a href=\"https:\/\/www.01net.com\/actualites\/conduite-autonome-en-europe-tesla-publie-un-bilan-tres-positif-mais-faut-il-y-croire.html\" title=\"Read more\" target=\"_blank\" rel=\"nofollow\">[...]<\/a><\/p><\/div><\/div><div class=\"srr-item even srr-clearfix\"><div class=\"srr-title\"><a href=\"https:\/\/www.01net.com\/actualites\/nvidia-lache-windows-10-un-an-avant-microsoft.html\" target=\"_blank\" rel=\"nofollow\" title=\"Nvidia l\u00e2che Windows 10, un an avant Microsoft\">Nvidia l\u00e2che Windows 10, un an avant Microsoft<\/a><\/div><div class=\"srr-meta\"><\/div><div class=\"srr-summary srr-clearfix\"><p>Microsoft a fini par c\u00e9der et prolonge Windows 10 jusqu&#039;en 2027. Nvidia, lui, n&#039;a pas boug\u00e9 d&#039;un millim\u00e8tre : dernier pilote Game Ready en octobre. Pour jouer, le sursis ne vaut d\u00e9j\u00e0 plus grand-chose. <a href=\"https:\/\/www.01net.com\/actualites\/nvidia-lache-windows-10-un-an-avant-microsoft.html\" title=\"Read more\" target=\"_blank\" rel=\"nofollow\">[...]<\/a><\/p><\/div><\/div><div class=\"srr-item odd srr-clearfix\"><div class=\"srr-title\"><a href=\"https:\/\/www.01net.com\/actualites\/android-17-va-donner-plus-de-mal-a-votre-operateur-pour-savoir-quels-sites-vous-visitez.html\" target=\"_blank\" rel=\"nofollow\" title=\"Android 17 va donner plus de mal \u00e0 votre op\u00e9rateur pour savoir quels sites vous visitez\">Android 17 va donner plus de mal \u00e0 votre op\u00e9rateur pour savoir quels sites vous visitez<\/a><\/div><div class=\"srr-meta\"><\/div><div class=\"srr-summary srr-clearfix\"><p>Android 17 introduit quatre nouvelles protections r\u00e9seau : chiffrement ECH pour masquer les sites visit\u00e9s, protection du Wi-Fi local, certificats transparents et blocage des fausses antennes 2G. <a href=\"https:\/\/www.01net.com\/actualites\/android-17-va-donner-plus-de-mal-a-votre-operateur-pour-savoir-quels-sites-vous-visitez.html\" title=\"Read more\" target=\"_blank\" rel=\"nofollow\">[...]<\/a><\/p><\/div><\/div><div class=\"srr-item even srr-clearfix\"><div class=\"srr-title\"><a href=\"https:\/\/www.01net.com\/actualites\/poco-f9-ultra-f9-pro-x8-trois-smartphones-deux-monstres-dendurance-et-un-champion-du-rapport-qualite-prix.html\" target=\"_blank\" rel=\"nofollow\" title=\"Poco F9 Ultra, F9 Pro, X8\u00a0: trois smartphones, deux monstres d\u2019endurance et un champion du rapport qualit\u00e9-prix\">Poco F9 Ultra, F9 Pro, X8\u00a0: trois smartphones, deux monstres d\u2019endurance et un champion du rapport qualit\u00e9-prix<\/a><\/div><div class=\"srr-meta\"><\/div><div class=\"srr-summary srr-clearfix\"><p>Poco lance trois nouveaux smartphones : le F9 Ultra, le F9 Pro, et le X8, chacun ciblant des besoins diff\u00e9rents. Le F9 Ultra se distingue par sa puissance, son grand \u00e9cran AMOLED de 6,9 pouces, et sa batterie de 8 050 mAh, tandis que le F9 Pro est plus compact et moins cher. Le Poco X8, ax\u00e9 sur l&#039;endurance, offre une batterie de 8 340 mAh \u00e0 un prix d&#039;entr\u00e9e de 299 \u20ac, mais avec des performances photo et un processeur plus modestes. <a href=\"https:\/\/www.01net.com\/actualites\/poco-f9-ultra-f9-pro-x8-trois-smartphones-deux-monstres-dendurance-et-un-champion-du-rapport-qualite-prix.html\" title=\"Read more\" target=\"_blank\" rel=\"nofollow\">[...]<\/a><\/p><\/div><\/div><div class=\"srr-item odd srr-clearfix\"><div class=\"srr-title\"><a href=\"https:\/\/www.01net.com\/actualites\/google-messages-enorme-probleme-va-falloir-resoudre-rapidement.html\" target=\"_blank\" rel=\"nofollow\" title=\"Google Messages a un \u00e9norme probl\u00e8me qu\u2019il va falloir r\u00e9soudre rapidement\">Google Messages a un \u00e9norme probl\u00e8me qu\u2019il va falloir r\u00e9soudre rapidement<\/a><\/div><div class=\"srr-meta\"><\/div><div class=\"srr-summary srr-clearfix\"><p>Un bug particuli\u00e8rement g\u00eanant frappe Google Messages en renvoyant d\u2019anciens SMS \u00e0 de mauvais destinataires. L&#039;application d&#039;Android m\u00e9lange les conversations et pose de s\u00e9rieux probl\u00e8mes de confidentialit\u00e9. <a href=\"https:\/\/www.01net.com\/actualites\/google-messages-enorme-probleme-va-falloir-resoudre-rapidement.html\" title=\"Read more\" target=\"_blank\" rel=\"nofollow\">[...]<\/a><\/p><\/div><\/div><div class=\"srr-item even srr-clearfix\"><div class=\"srr-title\"><a href=\"https:\/\/www.01net.com\/actualites\/la-finance-mondiale-menacee-par-lia-le-gendarme-financier-international-lance-un-avertissement.html\" target=\"_blank\" rel=\"nofollow\" title=\"La finance mondiale menac\u00e9e par l\u2019IA\u00a0: le gendarme financier international lance un avertissement\">La finance mondiale menac\u00e9e par l\u2019IA\u00a0: le gendarme financier international lance un avertissement<\/a><\/div><div class=\"srr-meta\"><\/div><div class=\"srr-summary srr-clearfix\"><p>Dans une lettre adress\u00e9e aux ministres des Finances et aux gouverneurs de banques centrales du G20, le pr\u00e9sident du Financial Stability Board (FSB) alerte sur l\u2019\u00e9mergence de mod\u00e8les d\u2019IA de pointe qui pourraient menacer la stabilit\u00e9 financi\u00e8re et la croissance \u00e9conomique mondiale. <a href=\"https:\/\/www.01net.com\/actualites\/la-finance-mondiale-menacee-par-lia-le-gendarme-financier-international-lance-un-avertissement.html\" title=\"Read more\" target=\"_blank\" rel=\"nofollow\">[...]<\/a><\/p><\/div><\/div><div class=\"srr-item odd srr-clearfix\"><div class=\"srr-title\"><a href=\"https:\/\/www.01net.com\/actualites\/espionnage-industriel-apple-accuse-openai-de-detruire-les-preuves.html\" target=\"_blank\" rel=\"nofollow\" title=\"Espionnage industriel\u00a0: Apple accuse OpenAI de d\u00e9truire les preuves\">Espionnage industriel\u00a0: Apple accuse OpenAI de d\u00e9truire les preuves<\/a><\/div><div class=\"srr-meta\"><\/div><div class=\"srr-summary srr-clearfix\"><p>Alors qu&#039;OpenAI veut rapidement clore le dossier, Apple multiplie les accusations dans ce qui s&#039;annonce \u00eatre l&#039;affaire d&#039;espionnage industriel de la d\u00e9cennie. <a href=\"https:\/\/www.01net.com\/actualites\/espionnage-industriel-apple-accuse-openai-de-detruire-les-preuves.html\" title=\"Read more\" target=\"_blank\" rel=\"nofollow\">[...]<\/a><\/p><\/div><\/div><div class=\"srr-item even srr-clearfix\"><div class=\"srr-title\"><a href=\"https:\/\/www.01net.com\/actualites\/dangereux-et-invisible-la-nuit-le-nouveau-dispositif-de-cette-piste-cyclable-francaise-tourne-au-fiasco.html\" target=\"_blank\" rel=\"nofollow\" title=\"\u00ab\u00a0Dangereux et invisible la nuit\u00a0\u00bb : le nouveau dispositif de cette piste cyclable fran\u00e7aise tourne au fiasco\">\u00ab\u00a0Dangereux et invisible la nuit\u00a0\u00bb : le nouveau dispositif de cette piste cyclable fran\u00e7aise tourne au fiasco<\/a><\/div><div class=\"srr-meta\"><\/div><div class=\"srr-summary srr-clearfix\"><p>Un dispositif cens\u00e9 s\u00e9curiser une piste cyclable \u00e0 Strasbourg a \u00e9t\u00e9 retir\u00e9 quelques jours apr\u00e8s son installation, jug\u00e9 dangereux et facilement contournable par les cyclistes. <a href=\"https:\/\/www.01net.com\/actualites\/dangereux-et-invisible-la-nuit-le-nouveau-dispositif-de-cette-piste-cyclable-francaise-tourne-au-fiasco.html\" title=\"Read more\" target=\"_blank\" rel=\"nofollow\">[...]<\/a><\/p><\/div><\/div><div class=\"srr-item odd srr-clearfix\"><div class=\"srr-title\"><a href=\"https:\/\/www.01net.com\/actualites\/si-vous-voulez-acheter-la-meilleure-box-tv-android-du-marche-cest-maintenant-ou-jamais.html\" target=\"_blank\" rel=\"nofollow\" title=\"Si vous voulez acheter la meilleure box TV Android du march\u00e9, c\u2019est maintenant ou jamais\">Si vous voulez acheter la meilleure box TV Android du march\u00e9, c\u2019est maintenant ou jamais<\/a><\/div><div class=\"srr-meta\"><\/div><div class=\"srr-summary srr-clearfix\"><p>Le Google Streamer TV, box Android haut de gamme, a augment\u00e9 de 50 % aux \u00c9tats-Unis, passant de 99,99 \u00e0 149,99 dollars. Cette hausse est due \u00e0 l&#039;augmentation des co\u00fbts des composants et pourrait toucher l&#039;Europe prochainement, avec un prix potentiel de 170 euros. <a href=\"https:\/\/www.01net.com\/actualites\/si-vous-voulez-acheter-la-meilleure-box-tv-android-du-marche-cest-maintenant-ou-jamais.html\" title=\"Read more\" target=\"_blank\" rel=\"nofollow\">[...]<\/a><\/p><\/div><\/div><div class=\"srr-item even srr-clearfix\"><div class=\"srr-title\"><a href=\"https:\/\/www.01net.com\/actualites\/vague-arnaques-france-caisse-depots-alerte-tentative-fraude-faux-conseillers.html\" target=\"_blank\" rel=\"nofollow\" title=\"Vague d\u2019arnaques en France\u00a0: la Caisse des D\u00e9p\u00f4ts alerte sur une \u00ab\u00a0tentative de fraude\u00a0\u00bb avec \u00ab\u00a0faux conseillers\u00a0\u00bb\">Vague d\u2019arnaques en France\u00a0: la Caisse des D\u00e9p\u00f4ts alerte sur une \u00ab\u00a0tentative de fraude\u00a0\u00bb avec \u00ab\u00a0faux conseillers\u00a0\u00bb<\/a><\/div><div class=\"srr-meta\"><\/div><div class=\"srr-summary srr-clearfix\"><p>La Caisse des D\u00e9p\u00f4ts et Consignations alerte sur une vague d&#039;arnaques en cours en France. Des cybercriminels se font passer pour de faux conseillers et promettent \u00e0 leurs victimes de r\u00e9cup\u00e9rer des \u00ab fonds en attente\u00a0\u00bb\u2026 avant de leur r\u00e9clamer de faux frais de dossier. <a href=\"https:\/\/www.01net.com\/actualites\/vague-arnaques-france-caisse-depots-alerte-tentative-fraude-faux-conseillers.html\" title=\"Read more\" target=\"_blank\" rel=\"nofollow\">[...]<\/a><\/p><\/div><\/div><div class=\"srr-item odd srr-clearfix\"><div class=\"srr-title\"><a href=\"https:\/\/www.01net.com\/actualites\/apple-declare-ces-3-macbook-officiellement-obsoletes.html\" target=\"_blank\" rel=\"nofollow\" title=\"Apple d\u00e9clare ces 3 MacBook officiellement obsol\u00e8tes\">Apple d\u00e9clare ces 3 MacBook officiellement obsol\u00e8tes<\/a><\/div><div class=\"srr-meta\"><\/div><div class=\"srr-summary srr-clearfix\"><p>Trois ordinateurs portables Apple viennent de franchir un cap symbolique. Le MacBook Air 2018 et deux d\u00e9clinaisons du MacBook Pro basculent officiellement dans la cat\u00e9gorie des produits obsol\u00e8tes. <a href=\"https:\/\/www.01net.com\/actualites\/apple-declare-ces-3-macbook-officiellement-obsoletes.html\" title=\"Read more\" target=\"_blank\" rel=\"nofollow\">[...]<\/a><\/p><\/div><\/div><div class=\"srr-item even srr-clearfix\"><div class=\"srr-title\"><a href=\"https:\/\/www.01net.com\/actualites\/chatgpt-reddit-et-roblox-dans-le-viseur-de-leurope-quest-ce-qui-va-changer.html\" target=\"_blank\" rel=\"nofollow\" title=\"ChatGPT, Reddit et Roblox dans le viseur de l\u2019Europe\u00a0: qu\u2019est-ce qui va changer\u00a0?\">ChatGPT, Reddit et Roblox dans le viseur de l\u2019Europe\u00a0: qu\u2019est-ce qui va changer\u00a0?<\/a><\/div><div class=\"srr-meta\"><\/div><div class=\"srr-summary srr-clearfix\"><p>\u00c0 partir de janvier 2027, ChatGPT, Reddit et Roblox seront soumis aux r\u00e8gles les plus strictes du DSA. En cas de non-respect de ces r\u00e8gles, des amendes pouvant atteindre 6 % de leur chiffre d&#039;affaires annuel mondial pourront \u00eatre inflig\u00e9es par l\u2019UE. <a href=\"https:\/\/www.01net.com\/actualites\/chatgpt-reddit-et-roblox-dans-le-viseur-de-leurope-quest-ce-qui-va-changer.html\" title=\"Read more\" target=\"_blank\" rel=\"nofollow\">[...]<\/a><\/p><\/div><\/div><div class=\"srr-item odd srr-clearfix\"><div class=\"srr-title\"><a href=\"https:\/\/www.01net.com\/actualites\/poignees-portes-bloquees-tesla-contraint-lancer-plus-grand-rappel-histoire.html\" target=\"_blank\" rel=\"nofollow\" title=\"Poign\u00e9es de portes bloqu\u00e9es\u00a0: Tesla lance le plus grand rappel de son histoire\">Poign\u00e9es de portes bloqu\u00e9es\u00a0: Tesla lance le plus grand rappel de son histoire<\/a><\/div><div class=\"srr-meta\"><\/div><div class=\"srr-summary srr-clearfix\"><p>La Chine interdira les poign\u00e9es de portes affleurantes d\u00e8s 2027. Beaucoup de marques sont ainsi concern\u00e9es et Tesla figure naturellement sur la liste. La marque californienne lance donc une campagne de rappel impliquant pr\u00e8s de 3 millions de v\u00e9hicules. <a href=\"https:\/\/www.01net.com\/actualites\/poignees-portes-bloquees-tesla-contraint-lancer-plus-grand-rappel-histoire.html\" title=\"Read more\" target=\"_blank\" rel=\"nofollow\">[...]<\/a><\/p><\/div><\/div><div class=\"srr-item even srr-clearfix\"><div class=\"srr-title\"><a href=\"https:\/\/www.01net.com\/actualites\/fuites-donnees-lecornu-donne-quinze-jours-ministres-riposter.html\" target=\"_blank\" rel=\"nofollow\" title=\"Fuites de donn\u00e9es\u00a0: Lecornu donne \u00ab\u00a0quinze jours\u00a0\u00bb  \u00e0 ses ministres pour riposter\">Fuites de donn\u00e9es\u00a0: Lecornu donne \u00ab\u00a0quinze jours\u00a0\u00bb  \u00e0 ses ministres pour riposter<\/a><\/div><div class=\"srr-meta\"><\/div><div class=\"srr-summary srr-clearfix\"><p>Apr\u00e8s une s\u00e9rie de fuites de donn\u00e9es ayant touch\u00e9 le fisc, l&#039;\u00c9ducation nationale et plusieurs services publics cet \u00e9t\u00e9, le Premier ministre S\u00e9bastien Lecornu a hauss\u00e9 le ton. Lors d&#039;un s\u00e9minaire, il a exig\u00e9 de ses ministres un \u00ab sursaut sur le volet cyber \u00bb, leur laissant quinze jours pour appliquer l&#039;int\u00e9gralit\u00e9 du plan de riposte de 200 millions d&#039;euros d\u00e9voil\u00e9 en avril dernier. <a href=\"https:\/\/www.01net.com\/actualites\/fuites-donnees-lecornu-donne-quinze-jours-ministres-riposter.html\" title=\"Read more\" target=\"_blank\" rel=\"nofollow\">[...]<\/a><\/p><\/div><\/div><div class=\"srr-item odd srr-clearfix\"><div class=\"srr-title\"><a href=\"https:\/\/www.01net.com\/actualites\/une-ia-gratuite-pour-tous-les-citoyens-ce-pays-passe-a-la-vitesse-superieure.html\" target=\"_blank\" rel=\"nofollow\" title=\"Une IA gratuite pour tous les citoyens\u00a0: ce pays passe \u00e0 la vitesse sup\u00e9rieure\">Une IA gratuite pour tous les citoyens\u00a0: ce pays passe \u00e0 la vitesse sup\u00e9rieure<\/a><\/div><div class=\"srr-meta\"><\/div><div class=\"srr-summary srr-clearfix\"><p>La Cor\u00e9e du Sud va mettre \u00e0 la disposition de sa population une intelligence artificielle gratuite et sans limite d\u2019utilisation. Avec son programme \u00ab IA pour tous \u00bb, l\u2019objectif du gouvernement est double. <a href=\"https:\/\/www.01net.com\/actualites\/une-ia-gratuite-pour-tous-les-citoyens-ce-pays-passe-a-la-vitesse-superieure.html\" title=\"Read more\" target=\"_blank\" rel=\"nofollow\">[...]<\/a><\/p><\/div><\/div><div class=\"srr-item even srr-clearfix\"><div class=\"srr-title\"><a href=\"https:\/\/www.01net.com\/actualites\/leurope-commande-son-sixieme-supercalculateur-ia-a-une-entreprise-francaise.html\" target=\"_blank\" rel=\"nofollow\" title=\"L\u2019Europe commande son sixi\u00e8me supercalculateur IA \u00e0 une entreprise fran\u00e7aise\">L\u2019Europe commande son sixi\u00e8me supercalculateur IA \u00e0 une entreprise fran\u00e7aise<\/a><\/div><div class=\"srr-meta\"><\/div><div class=\"srr-summary srr-clearfix\"><p>L&#039;Europe vient de commander \u00e0 Bull un supercalculateur IA de 387,8 millions d&#039;euros pour la Finlande. Cinq mois apr\u00e8s son passage sous pavillon public, l&#039;ancien fleuron d&#039;Atos remplit son carnet de commandes plus vite que Bercy n&#039;\u00e9crit ses communiqu\u00e9s. <a href=\"https:\/\/www.01net.com\/actualites\/leurope-commande-son-sixieme-supercalculateur-ia-a-une-entreprise-francaise.html\" title=\"Read more\" target=\"_blank\" rel=\"nofollow\">[...]<\/a><\/p><\/div><\/div><\/div><\/div><div class=\"srr-wrap srr-style-grey\" data-id=\"srr-tab-621\"><p>RSS Error: Retrieved unsupported status code \"404\"<\/p><\/div>\n<\/div>\r\n        <!-- End - Super RSS Reader -->\r\n        \n<\/div><\/div><\/div><\/div>","protected":false},"excerpt":{"rendered":"<p>L&rsquo;Ard\u00e8che &#8211; Google News Le dauphin\u00e9 France3 Le monde Les Echos 01net L&rsquo;Equipe Le Dauphin\u00e9France3ErrorLe MondeError 01NetErrorArd\u00e8che. Ren\u00e9 Ollier, ancienne figure du syndicalisme et \u00ab patriote de gauche\u00a0\u00bb, rejoint le RNC\u2019est un ralliement \u00ab\u00a0important\u00a0\u00bb pour le Rassemblement national de l\u2019Ard\u00e8che. Ren\u00e9 Ollier, bien connu dans le monde du syndicalisme, vient [&#8230;]<\/p>\n","protected":false},"author":1,"featured_media":0,"parent":0,"menu_order":0,"comment_status":"closed","ping_status":"closed","template":"template-fullwidth.php","meta":{"kia_subtitle":"","footnotes":""},"class_list":["post-156","page","type-page","status-publish","hentry"],"_links":{"self":[{"href":"http:\/\/vernoux.info\/vivre-en-ardeche\/wp-json\/wp\/v2\/pages\/156","targetHints":{"allow":["GET"]}}],"collection":[{"href":"http:\/\/vernoux.info\/vivre-en-ardeche\/wp-json\/wp\/v2\/pages"}],"about":[{"href":"http:\/\/vernoux.info\/vivre-en-ardeche\/wp-json\/wp\/v2\/types\/page"}],"author":[{"embeddable":true,"href":"http:\/\/vernoux.info\/vivre-en-ardeche\/wp-json\/wp\/v2\/users\/1"}],"replies":[{"embeddable":true,"href":"http:\/\/vernoux.info\/vivre-en-ardeche\/wp-json\/wp\/v2\/comments?post=156"}],"version-history":[{"count":13,"href":"http:\/\/vernoux.info\/vivre-en-ardeche\/wp-json\/wp\/v2\/pages\/156\/revisions"}],"predecessor-version":[{"id":1612,"href":"http:\/\/vernoux.info\/vivre-en-ardeche\/wp-json\/wp\/v2\/pages\/156\/revisions\/1612"}],"wp:attachment":[{"href":"http:\/\/vernoux.info\/vivre-en-ardeche\/wp-json\/wp\/v2\/media?parent=156"}],"curies":[{"name":"wp","href":"https:\/\/api.w.org\/{rel}","templated":true}]}}